{"id":8912,"date":"2024-04-04T11:04:36","date_gmt":"2024-04-04T09:04:36","guid":{"rendered":"https:\/\/barnafrid.se\/kunskapsportal\/?page_id=8912"},"modified":"2024-04-12T08:20:38","modified_gmt":"2024-04-12T06:20:38","slug":"forskolepersonalens-kunskap-och-kompetens-fore-och-efter-utbildningen","status":"publish","type":"page","link":"https:\/\/barnafrid.se\/kunskapsportal\/startsida\/barnafrids-utbildningar\/basprogram-om-vald-mot-barn-och-unga-gruppspar-forskola-2\/gruppspar-forskola\/utvardering\/forskolepersonalens-kunskap-och-kompetens-fore-och-efter-utbildningen\/","title":{"rendered":"F\u00f6rskolepersonalens kunskap och kompetens f\u00f6re och efter utbildningen"},"content":{"rendered":"\n<p>Innan utbildningen kan det vara bra om dina kollegor f\u00e5r besvara en kort enk\u00e4t. Syftet med enk\u00e4ten \u00e4r att f\u00e5 en uppfattning om f\u00f6rskolepersonals kunskap och kompetens f\u00f6re och efter utbildningen. <a href=\"https:\/\/barnafrid.se\/kunskapsportal\/wp-content\/uploads\/2024\/04\/rapport-baslinjematning-2023-barnafrid.pdf\">H\u00e4r kan du se hur f\u00f6rskolepersonalen i Haninge kommun bed\u00f6mde sin kunskap f\u00f6re och efter att de g\u00e5tt utbildningen.\u00a0<\/a><\/p>\n\n\n\n<p>Nedan f\u00e5r du ta del av det formul\u00e4r med fr\u00e5gor som skickades ut till personalen tv\u00e5 g\u00e5nger. En f\u00f6re de g\u00e5tt utbildningen och ytterligare en g\u00e5ng efter att utbildningen genomf\u00f6rts.<\/p>\n\n\n\n<p>Fr\u00e5gorna med svarsalternativen finns ocks\u00e5 en i excelfil som du kan anv\u00e4nda f\u00f6r att g\u00f6ra en egen enk\u00e4t. Sj\u00e4lvklart kan du ta bort och l\u00e4gga till egna fr\u00e5gor.<\/p>\n\n\n\n<p>Eftersom enk\u00e4tverktyg \u00e4r upphandlade s\u00e5 g\u00e5r det inte att anv\u00e4nda Haninges men oftast har kommuner och f\u00f6retag egna verktyg. H\u00f6r med IT-avdelningen eller den som ansvarar f\u00f6r f\u00f6rskolans digitala utrustning.<\/p>\n\n\n\n<ul class=\"List\">\n<li class=\"List-item\"><a href=\"https:\/\/barnafrid.se\/kunskapsportal\/wp-content\/uploads\/2024\/04\/fragor-till-enkat-att-gora-fore-och-efter-genomford-utbildningen.docx\">Fr\u00e5gor till enk\u00e4t att g\u00f6ra f\u00f6re och efter genomf\u00f6rd utbildningen<\/a> (docx)<\/li>\n\n\n\n<li class=\"List-item\"><a href=\"https:\/\/barnafrid.se\/kunskapsportal\/wp-content\/uploads\/2024\/04\/fragor-till-enkat-att-gora-fore-och-efter-genomford-utbildningen-i-excelmall.xlsx\">Fr\u00e5gor till enk\u00e4t att g\u00f6ra f\u00f6re och efter genomf\u00f6rd utbildningen i excelmall<\/a> (xlsx)<\/li>\n<\/ul>\n","protected":false},"excerpt":{"rendered":"<p>Innan utbildningen kan det vara bra om dina kollegor f\u00e5r besvara en kort enk\u00e4t. Syftet med enk\u00e4ten \u00e4r att f\u00e5 en uppfattning om f\u00f6rskolepersonals kunskap och kompetens f\u00f6re och efter utbildningen. H\u00e4r kan du se hur f\u00f6rskolepersonalen i Haninge kommun bed\u00f6mde sin kunskap f\u00f6re och efter att de g\u00e5tt utbildningen.\u00a0 Nedan f\u00e5r du ta del [&hellip;]<\/p>\n","protected":false},"author":10518,"featured_media":0,"parent":8889,"menu_order":0,"comment_status":"closed","ping_status":"closed","template":"page-centered.php","meta":{"h5ap_radio_sources":[],"footnotes":""},"role":[],"class_list":["post-8912","page","type-page","status-publish","hentry"],"yoast_head":"<!-- This site is optimized with the Yoast SEO plugin v27.5 - https:\/\/yoast.com\/product\/yoast-seo-wordpress\/ -->\n<title>F\u00f6rskolepersonalens kunskap och kompetens f\u00f6re och efter utbildningen - Barnafrid<\/title>\n<meta name=\"robots\" content=\"noindex, nofollow\" \/>\n<meta property=\"og:locale\" content=\"sv_SE\" \/>\n<meta property=\"og:type\" content=\"article\" \/>\n<meta property=\"og:title\" content=\"F\u00f6rskolepersonalens kunskap och kompetens f\u00f6re och efter utbildningen - Barnafrid\" \/>\n<meta property=\"og:description\" content=\"Innan utbildningen kan det vara bra om dina kollegor f\u00e5r besvara en kort enk\u00e4t. Syftet med enk\u00e4ten \u00e4r att f\u00e5 en uppfattning om f\u00f6rskolepersonals kunskap och kompetens f\u00f6re och efter utbildningen. H\u00e4r kan du se hur f\u00f6rskolepersonalen i Haninge kommun bed\u00f6mde sin kunskap f\u00f6re och efter att de g\u00e5tt utbildningen.\u00a0 Nedan f\u00e5r du ta del [&hellip;]\" \/>\n<meta property=\"og:url\" content=\"https:\/\/barnafrid.se\/kunskapsportal\/startsida\/barnafrids-utbildningar\/basprogram-om-vald-mot-barn-och-unga-gruppspar-forskola-2\/gruppspar-forskola\/utvardering\/forskolepersonalens-kunskap-och-kompetens-fore-och-efter-utbildningen\/\" \/>\n<meta property=\"og:site_name\" content=\"Barnafrid\" \/>\n<meta property=\"article:modified_time\" content=\"2024-04-12T06:20:38+00:00\" \/>\n<meta name=\"twitter:card\" content=\"summary_large_image\" \/>\n<meta name=\"twitter:label1\" content=\"Ber\u00e4knad l\u00e4stid\" \/>\n\t<meta name=\"twitter:data1\" content=\"1 minut\" \/>\n<script type=\"application\/ld+json\" class=\"yoast-schema-graph\">{\"@context\":\"https:\\\/\\\/schema.org\",\"@graph\":[{\"@type\":\"WebPage\",\"@id\":\"https:\\\/\\\/barnafrid.se\\\/kunskapsportal\\\/startsida\\\/barnafrids-utbildningar\\\/basprogram-om-vald-mot-barn-och-unga-gruppspar-forskola-2\\\/gruppspar-forskola\\\/utvardering\\\/forskolepersonalens-kunskap-och-kompetens-fore-och-efter-utbildningen\\\/\",\"url\":\"https:\\\/\\\/barnafrid.se\\\/kunskapsportal\\\/startsida\\\/barnafrids-utbildningar\\\/basprogram-om-vald-mot-barn-och-unga-gruppspar-forskola-2\\\/gruppspar-forskola\\\/utvardering\\\/forskolepersonalens-kunskap-och-kompetens-fore-och-efter-utbildningen\\\/\",\"name\":\"F\u00f6rskolepersonalens kunskap och kompetens f\u00f6re och efter utbildningen - Barnafrid\",\"isPartOf\":{\"@id\":\"https:\\\/\\\/barnafrid.se\\\/kunskapsportal\\\/#website\"},\"datePublished\":\"2024-04-04T09:04:36+00:00\",\"dateModified\":\"2024-04-12T06:20:38+00:00\",\"breadcrumb\":{\"@id\":\"https:\\\/\\\/barnafrid.se\\\/kunskapsportal\\\/startsida\\\/barnafrids-utbildningar\\\/basprogram-om-vald-mot-barn-och-unga-gruppspar-forskola-2\\\/gruppspar-forskola\\\/utvardering\\\/forskolepersonalens-kunskap-och-kompetens-fore-och-efter-utbildningen\\\/#breadcrumb\"},\"inLanguage\":\"sv-SE\",\"potentialAction\":[{\"@type\":\"ReadAction\",\"target\":[\"https:\\\/\\\/barnafrid.se\\\/kunskapsportal\\\/startsida\\\/barnafrids-utbildningar\\\/basprogram-om-vald-mot-barn-och-unga-gruppspar-forskola-2\\\/gruppspar-forskola\\\/utvardering\\\/forskolepersonalens-kunskap-och-kompetens-fore-och-efter-utbildningen\\\/\"]}]},{\"@type\":\"BreadcrumbList\",\"@id\":\"https:\\\/\\\/barnafrid.se\\\/kunskapsportal\\\/startsida\\\/barnafrids-utbildningar\\\/basprogram-om-vald-mot-barn-och-unga-gruppspar-forskola-2\\\/gruppspar-forskola\\\/utvardering\\\/forskolepersonalens-kunskap-och-kompetens-fore-och-efter-utbildningen\\\/#breadcrumb\",\"itemListElement\":[{\"@type\":\"ListItem\",\"position\":1,\"name\":\"Home\",\"item\":\"https:\\\/\\\/barnafrid.se\\\/kunskapsportal\\\/\"},{\"@type\":\"ListItem\",\"position\":2,\"name\":\"Startsida\",\"item\":\"https:\\\/\\\/barnafrid.se\\\/kunskapsportal\\\/\"},{\"@type\":\"ListItem\",\"position\":3,\"name\":\"Utbildningar\",\"item\":\"https:\\\/\\\/barnafrid.se\\\/kunskapsportal\\\/startsida\\\/barnafrids-utbildningar\\\/\"},{\"@type\":\"ListItem\",\"position\":4,\"name\":\"Basprogram om v\u00e5ld mot barn och unga Gruppsp\u00e5r f\u00f6r f\u00f6rskolan\",\"item\":\"https:\\\/\\\/barnafrid.se\\\/kunskapsportal\\\/startsida\\\/barnafrids-utbildningar\\\/basprogram-om-vald-mot-barn-och-unga-gruppspar-forskola-2\\\/\"},{\"@type\":\"ListItem\",\"position\":5,\"name\":\"V\u00e4lkommen till utbildningen Barnafrids basprogram om v\u00e5ld mot barn och unga \u2013 gruppsp\u00e5r f\u00f6r f\u00f6rskolan\",\"item\":\"https:\\\/\\\/barnafrid.se\\\/kunskapsportal\\\/startsida\\\/barnafrids-utbildningar\\\/basprogram-om-vald-mot-barn-och-unga-gruppspar-forskola-2\\\/gruppspar-forskola\\\/\"},{\"@type\":\"ListItem\",\"position\":6,\"name\":\"Utv\u00e4rdering\",\"item\":\"https:\\\/\\\/barnafrid.se\\\/kunskapsportal\\\/startsida\\\/barnafrids-utbildningar\\\/basprogram-om-vald-mot-barn-och-unga-gruppspar-forskola-2\\\/gruppspar-forskola\\\/utvardering\\\/\"},{\"@type\":\"ListItem\",\"position\":7,\"name\":\"F\u00f6rskolepersonalens kunskap och kompetens f\u00f6re och efter utbildningen\"}]},{\"@type\":\"WebSite\",\"@id\":\"https:\\\/\\\/barnafrid.se\\\/kunskapsportal\\\/#website\",\"url\":\"https:\\\/\\\/barnafrid.se\\\/kunskapsportal\\\/\",\"name\":\"Barnafrid\",\"description\":\"Kunskapsportal om v\u00e5ld mot barn\",\"potentialAction\":[{\"@type\":\"SearchAction\",\"target\":{\"@type\":\"EntryPoint\",\"urlTemplate\":\"https:\\\/\\\/barnafrid.se\\\/kunskapsportal\\\/?s={search_term_string}\"},\"query-input\":{\"@type\":\"PropertyValueSpecification\",\"valueRequired\":true,\"valueName\":\"search_term_string\"}}],\"inLanguage\":\"sv-SE\"}]}<\/script>\n<!-- \/ Yoast SEO plugin. -->","yoast_head_json":{"title":"F\u00f6rskolepersonalens kunskap och kompetens f\u00f6re och efter utbildningen - Barnafrid","robots":{"index":"noindex","follow":"nofollow"},"og_locale":"sv_SE","og_type":"article","og_title":"F\u00f6rskolepersonalens kunskap och kompetens f\u00f6re och efter utbildningen - Barnafrid","og_description":"Innan utbildningen kan det vara bra om dina kollegor f\u00e5r besvara en kort enk\u00e4t. Syftet med enk\u00e4ten \u00e4r att f\u00e5 en uppfattning om f\u00f6rskolepersonals kunskap och kompetens f\u00f6re och efter utbildningen. H\u00e4r kan du se hur f\u00f6rskolepersonalen i Haninge kommun bed\u00f6mde sin kunskap f\u00f6re och efter att de g\u00e5tt utbildningen.\u00a0 Nedan f\u00e5r du ta del [&hellip;]","og_url":"https:\/\/barnafrid.se\/kunskapsportal\/startsida\/barnafrids-utbildningar\/basprogram-om-vald-mot-barn-och-unga-gruppspar-forskola-2\/gruppspar-forskola\/utvardering\/forskolepersonalens-kunskap-och-kompetens-fore-och-efter-utbildningen\/","og_site_name":"Barnafrid","article_modified_time":"2024-04-12T06:20:38+00:00","twitter_card":"summary_large_image","twitter_misc":{"Ber\u00e4knad l\u00e4stid":"1 minut"},"schema":{"@context":"https:\/\/schema.org","@graph":[{"@type":"WebPage","@id":"https:\/\/barnafrid.se\/kunskapsportal\/startsida\/barnafrids-utbildningar\/basprogram-om-vald-mot-barn-och-unga-gruppspar-forskola-2\/gruppspar-forskola\/utvardering\/forskolepersonalens-kunskap-och-kompetens-fore-och-efter-utbildningen\/","url":"https:\/\/barnafrid.se\/kunskapsportal\/startsida\/barnafrids-utbildningar\/basprogram-om-vald-mot-barn-och-unga-gruppspar-forskola-2\/gruppspar-forskola\/utvardering\/forskolepersonalens-kunskap-och-kompetens-fore-och-efter-utbildningen\/","name":"F\u00f6rskolepersonalens kunskap och kompetens f\u00f6re och efter utbildningen - Barnafrid","isPartOf":{"@id":"https:\/\/barnafrid.se\/kunskapsportal\/#website"},"datePublished":"2024-04-04T09:04:36+00:00","dateModified":"2024-04-12T06:20:38+00:00","breadcrumb":{"@id":"https:\/\/barnafrid.se\/kunskapsportal\/startsida\/barnafrids-utbildningar\/basprogram-om-vald-mot-barn-och-unga-gruppspar-forskola-2\/gruppspar-forskola\/utvardering\/forskolepersonalens-kunskap-och-kompetens-fore-och-efter-utbildningen\/#breadcrumb"},"inLanguage":"sv-SE","potentialAction":[{"@type":"ReadAction","target":["https:\/\/barnafrid.se\/kunskapsportal\/startsida\/barnafrids-utbildningar\/basprogram-om-vald-mot-barn-och-unga-gruppspar-forskola-2\/gruppspar-forskola\/utvardering\/forskolepersonalens-kunskap-och-kompetens-fore-och-efter-utbildningen\/"]}]},{"@type":"BreadcrumbList","@id":"https:\/\/barnafrid.se\/kunskapsportal\/startsida\/barnafrids-utbildningar\/basprogram-om-vald-mot-barn-och-unga-gruppspar-forskola-2\/gruppspar-forskola\/utvardering\/forskolepersonalens-kunskap-och-kompetens-fore-och-efter-utbildningen\/#breadcrumb","itemListElement":[{"@type":"ListItem","position":1,"name":"Home","item":"https:\/\/barnafrid.se\/kunskapsportal\/"},{"@type":"ListItem","position":2,"name":"Startsida","item":"https:\/\/barnafrid.se\/kunskapsportal\/"},{"@type":"ListItem","position":3,"name":"Utbildningar","item":"https:\/\/barnafrid.se\/kunskapsportal\/startsida\/barnafrids-utbildningar\/"},{"@type":"ListItem","position":4,"name":"Basprogram om v\u00e5ld mot barn och unga Gruppsp\u00e5r f\u00f6r f\u00f6rskolan","item":"https:\/\/barnafrid.se\/kunskapsportal\/startsida\/barnafrids-utbildningar\/basprogram-om-vald-mot-barn-och-unga-gruppspar-forskola-2\/"},{"@type":"ListItem","position":5,"name":"V\u00e4lkommen till utbildningen Barnafrids basprogram om v\u00e5ld mot barn och unga \u2013 gruppsp\u00e5r f\u00f6r f\u00f6rskolan","item":"https:\/\/barnafrid.se\/kunskapsportal\/startsida\/barnafrids-utbildningar\/basprogram-om-vald-mot-barn-och-unga-gruppspar-forskola-2\/gruppspar-forskola\/"},{"@type":"ListItem","position":6,"name":"Utv\u00e4rdering","item":"https:\/\/barnafrid.se\/kunskapsportal\/startsida\/barnafrids-utbildningar\/basprogram-om-vald-mot-barn-och-unga-gruppspar-forskola-2\/gruppspar-forskola\/utvardering\/"},{"@type":"ListItem","position":7,"name":"F\u00f6rskolepersonalens kunskap och kompetens f\u00f6re och efter utbildningen"}]},{"@type":"WebSite","@id":"https:\/\/barnafrid.se\/kunskapsportal\/#website","url":"https:\/\/barnafrid.se\/kunskapsportal\/","name":"Barnafrid","description":"Kunskapsportal om v\u00e5ld mot barn","potentialAction":[{"@type":"SearchAction","target":{"@type":"EntryPoint","urlTemplate":"https:\/\/barnafrid.se\/kunskapsportal\/?s={search_term_string}"},"query-input":{"@type":"PropertyValueSpecification","valueRequired":true,"valueName":"search_term_string"}}],"inLanguage":"sv-SE"}]}},"_links":{"self":[{"href":"https:\/\/barnafrid.se\/kunskapsportal\/wp-json\/wp\/v2\/pages\/8912","targetHints":{"allow":["GET"]}}],"collection":[{"href":"https:\/\/barnafrid.se\/kunskapsportal\/wp-json\/wp\/v2\/pages"}],"about":[{"href":"https:\/\/barnafrid.se\/kunskapsportal\/wp-json\/wp\/v2\/types\/page"}],"author":[{"embeddable":true,"href":"https:\/\/barnafrid.se\/kunskapsportal\/wp-json\/wp\/v2\/users\/10518"}],"replies":[{"embeddable":true,"href":"https:\/\/barnafrid.se\/kunskapsportal\/wp-json\/wp\/v2\/comments?post=8912"}],"version-history":[{"count":2,"href":"https:\/\/barnafrid.se\/kunskapsportal\/wp-json\/wp\/v2\/pages\/8912\/revisions"}],"predecessor-version":[{"id":9022,"href":"https:\/\/barnafrid.se\/kunskapsportal\/wp-json\/wp\/v2\/pages\/8912\/revisions\/9022"}],"up":[{"embeddable":true,"href":"https:\/\/barnafrid.se\/kunskapsportal\/wp-json\/wp\/v2\/pages\/8889"}],"wp:attachment":[{"href":"https:\/\/barnafrid.se\/kunskapsportal\/wp-json\/wp\/v2\/media?parent=8912"}],"wp:term":[{"taxonomy":"role","embeddable":true,"href":"https:\/\/barnafrid.se\/kunskapsportal\/wp-json\/wp\/v2\/role?post=8912"}],"curies":[{"name":"wp","href":"https:\/\/api.w.org\/{rel}","templated":true}]}}