{"id":8882,"date":"2024-04-03T09:48:55","date_gmt":"2024-04-03T07:48:55","guid":{"rendered":"https:\/\/barnafrid.se\/kunskapsportal\/?page_id=8882"},"modified":"2025-02-03T08:50:11","modified_gmt":"2025-02-03T07:50:11","slug":"att-vaga-se-hora-och-gora","status":"publish","type":"page","link":"https:\/\/barnafrid.se\/kunskapsportal\/startsida\/barnafrids-utbildningar\/basprogram-om-vald-mot-barn-och-unga-gruppspar-forskola-2\/gruppspar-forskola\/att-vaga-se-hora-och-gora\/","title":{"rendered":"Att v\u00e5ga, se, h\u00f6ra och g\u00f6ra"},"content":{"rendered":"<div class='Lead'>\n    <p>F\u00f6rskolans f\u00f6rebyggande arbetet f\u00f6r att uppt\u00e4cka och st\u00f6dja barn som far illa i Haninge kommun.<\/p><\/div>\n\n\n\n<h2 class=\"wp-block-heading\">Pedagogen ber\u00e4ttar<\/h2>\n\n\n<div class=\"Videos\">\n        <div class=\"Video Video--original Video--visible\">\n        \n        <figure class=\"VideoPlayer\">\n            <div class=\"VideoPlayer-video VideoPlayer-video--aspect16_9 VideoPlayer-video--hasAspectRatio\">\n                <iframe loading=\"lazy\"\n                    title=\"Video\"\n                    src=\"https:\/\/player.vimeo.com\/video\/924973165?dnt=1&#038;app_id=122963\"\n                    width=\"500\"\n                    height=\"281\"\n                    frameborder=\"0\"\n                    allow=\"autoplay; fullscreen\"\n                    allowfullscreen\n                ><\/iframe>\n            <\/div>\n        <\/figure>\n            <\/div>\n    \n    \n    \n    <div class=\"VideosVersions\">\n        \n            <\/div>\n<\/div>\n\n\n\n<h2 class=\"wp-block-heading\">Utbildningsledarna ber\u00e4ttar<\/h2>\n\n\n<div class=\"Videos\">\n        <div class=\"Video Video--original Video--visible\">\n        \n        <figure class=\"VideoPlayer\">\n            <div class=\"VideoPlayer-video VideoPlayer-video--aspect16_9 VideoPlayer-video--hasAspectRatio\">\n                <iframe loading=\"lazy\"\n                    title=\"Video\"\n                    src=\"https:\/\/player.vimeo.com\/video\/924973504?dnt=1&#038;app_id=122963\"\n                    width=\"500\"\n                    height=\"281\"\n                    frameborder=\"0\"\n                    allow=\"autoplay; fullscreen\"\n                    allowfullscreen\n                ><\/iframe>\n            <\/div>\n        <\/figure>\n            <\/div>\n    \n    \n    \n    <div class=\"VideosVersions\">\n        \n            <\/div>\n<\/div>\n\n\n\n<h2 class=\"wp-block-heading\">Ledningen ber\u00e4ttar<\/h2>\n\n\n<div class=\"Videos\">\n        <div class=\"Video Video--original Video--visible\">\n        \n        <figure class=\"VideoPlayer\">\n            <div class=\"VideoPlayer-video VideoPlayer-video--aspect16_9 VideoPlayer-video--hasAspectRatio\">\n                <iframe loading=\"lazy\"\n                    title=\"Video\"\n                    src=\"https:\/\/player.vimeo.com\/video\/924950655?dnt=1&#038;app_id=122963\"\n                    width=\"500\"\n                    height=\"281\"\n                    frameborder=\"0\"\n                    allow=\"autoplay; fullscreen\"\n                    allowfullscreen\n                ><\/iframe>\n            <\/div>\n        <\/figure>\n            <\/div>\n    \n    \n    \n    <div class=\"VideosVersions\">\n        \n            <\/div>\n<\/div>\n\n\n\n<h2 class=\"wp-block-heading\">Rektorn ber\u00e4ttar<\/h2>\n\n\n<div class=\"Videos\">\n        <div class=\"Video Video--original Video--visible\">\n        \n        <figure class=\"VideoPlayer\">\n            <div class=\"VideoPlayer-video VideoPlayer-video--aspect16_9 VideoPlayer-video--hasAspectRatio\">\n                <iframe loading=\"lazy\"\n                    title=\"Video\"\n                    src=\"https:\/\/player.vimeo.com\/video\/924950229?dnt=1&#038;app_id=122963\"\n                    width=\"500\"\n                    height=\"281\"\n                    frameborder=\"0\"\n                    allow=\"autoplay; fullscreen\"\n                    allowfullscreen\n                ><\/iframe>\n            <\/div>\n        <\/figure>\n            <\/div>\n    \n    \n    \n    <div class=\"VideosVersions\">\n        \n            <\/div>\n<\/div>\n\n\n\n<p>Innan utbildningen kan det vara bra om dina kollegor f\u00e5r besvara en kort enk\u00e4t. Syftet med enk\u00e4ten \u00e4r att f\u00e5 en uppfattning om f\u00f6rskolepersonals kunskap och kompetens f\u00f6re och efter utbildningen.\u00a0<a href=\"https:\/\/barnafrid.se\/kunskapsportal\/wp-content\/uploads\/2024\/04\/rapport-baslinjematning-2023-barnafrid.pdf\">H\u00e4r kan du se hur f\u00f6rskolepersonalen i Haninge kommun bed\u00f6mde sin kunskap f\u00f6re och efter att de g\u00e5tt utbildningen.\u00a0<\/a><\/p>\n","protected":false},"excerpt":{"rendered":"<p>Pedagogen ber\u00e4ttar Utbildningsledarna ber\u00e4ttar Ledningen ber\u00e4ttar Rektorn ber\u00e4ttar Innan utbildningen kan det vara bra om dina kollegor f\u00e5r besvara en kort enk\u00e4t. Syftet med enk\u00e4ten \u00e4r att f\u00e5 en uppfattning om f\u00f6rskolepersonals kunskap och kompetens f\u00f6re och efter utbildningen.\u00a0H\u00e4r kan du se hur f\u00f6rskolepersonalen i Haninge kommun bed\u00f6mde sin kunskap f\u00f6re och efter att de [&hellip;]<\/p>\n","protected":false},"author":10518,"featured_media":0,"parent":8406,"menu_order":0,"comment_status":"closed","ping_status":"closed","template":"page-centered.php","meta":{"h5ap_radio_sources":[],"footnotes":""},"role":[],"class_list":["post-8882","page","type-page","status-publish","hentry"],"yoast_head":"<!-- This site is optimized with the Yoast SEO plugin v27.5 - https:\/\/yoast.com\/product\/yoast-seo-wordpress\/ -->\n<title>Att v\u00e5ga, se, h\u00f6ra och g\u00f6ra - Barnafrid<\/title>\n<meta name=\"robots\" content=\"noindex, nofollow\" \/>\n<meta property=\"og:locale\" content=\"sv_SE\" \/>\n<meta property=\"og:type\" content=\"article\" \/>\n<meta property=\"og:title\" content=\"Att v\u00e5ga, se, h\u00f6ra och g\u00f6ra - Barnafrid\" \/>\n<meta property=\"og:description\" content=\"Pedagogen ber\u00e4ttar Utbildningsledarna ber\u00e4ttar Ledningen ber\u00e4ttar Rektorn ber\u00e4ttar Innan utbildningen kan det vara bra om dina kollegor f\u00e5r besvara en kort enk\u00e4t. Syftet med enk\u00e4ten \u00e4r att f\u00e5 en uppfattning om f\u00f6rskolepersonals kunskap och kompetens f\u00f6re och efter utbildningen.\u00a0H\u00e4r kan du se hur f\u00f6rskolepersonalen i Haninge kommun bed\u00f6mde sin kunskap f\u00f6re och efter att de [&hellip;]\" \/>\n<meta property=\"og:url\" content=\"https:\/\/barnafrid.se\/kunskapsportal\/startsida\/barnafrids-utbildningar\/basprogram-om-vald-mot-barn-och-unga-gruppspar-forskola-2\/gruppspar-forskola\/att-vaga-se-hora-och-gora\/\" \/>\n<meta property=\"og:site_name\" content=\"Barnafrid\" \/>\n<meta property=\"article:modified_time\" content=\"2025-02-03T07:50:11+00:00\" \/>\n<meta name=\"twitter:card\" content=\"summary_large_image\" \/>\n<meta name=\"twitter:label1\" content=\"Ber\u00e4knad l\u00e4stid\" \/>\n\t<meta name=\"twitter:data1\" content=\"1 minut\" \/>\n<script type=\"application\/ld+json\" class=\"yoast-schema-graph\">{\"@context\":\"https:\\\/\\\/schema.org\",\"@graph\":[{\"@type\":\"WebPage\",\"@id\":\"https:\\\/\\\/barnafrid.se\\\/kunskapsportal\\\/startsida\\\/barnafrids-utbildningar\\\/basprogram-om-vald-mot-barn-och-unga-gruppspar-forskola-2\\\/gruppspar-forskola\\\/att-vaga-se-hora-och-gora\\\/\",\"url\":\"https:\\\/\\\/barnafrid.se\\\/kunskapsportal\\\/startsida\\\/barnafrids-utbildningar\\\/basprogram-om-vald-mot-barn-och-unga-gruppspar-forskola-2\\\/gruppspar-forskola\\\/att-vaga-se-hora-och-gora\\\/\",\"name\":\"Att v\u00e5ga, se, h\u00f6ra och g\u00f6ra - Barnafrid\",\"isPartOf\":{\"@id\":\"https:\\\/\\\/barnafrid.se\\\/kunskapsportal\\\/#website\"},\"datePublished\":\"2024-04-03T07:48:55+00:00\",\"dateModified\":\"2025-02-03T07:50:11+00:00\",\"breadcrumb\":{\"@id\":\"https:\\\/\\\/barnafrid.se\\\/kunskapsportal\\\/startsida\\\/barnafrids-utbildningar\\\/basprogram-om-vald-mot-barn-och-unga-gruppspar-forskola-2\\\/gruppspar-forskola\\\/att-vaga-se-hora-och-gora\\\/#breadcrumb\"},\"inLanguage\":\"sv-SE\",\"potentialAction\":[{\"@type\":\"ReadAction\",\"target\":[\"https:\\\/\\\/barnafrid.se\\\/kunskapsportal\\\/startsida\\\/barnafrids-utbildningar\\\/basprogram-om-vald-mot-barn-och-unga-gruppspar-forskola-2\\\/gruppspar-forskola\\\/att-vaga-se-hora-och-gora\\\/\"]}]},{\"@type\":\"BreadcrumbList\",\"@id\":\"https:\\\/\\\/barnafrid.se\\\/kunskapsportal\\\/startsida\\\/barnafrids-utbildningar\\\/basprogram-om-vald-mot-barn-och-unga-gruppspar-forskola-2\\\/gruppspar-forskola\\\/att-vaga-se-hora-och-gora\\\/#breadcrumb\",\"itemListElement\":[{\"@type\":\"ListItem\",\"position\":1,\"name\":\"Home\",\"item\":\"https:\\\/\\\/barnafrid.se\\\/kunskapsportal\\\/\"},{\"@type\":\"ListItem\",\"position\":2,\"name\":\"Startsida\",\"item\":\"https:\\\/\\\/barnafrid.se\\\/kunskapsportal\\\/\"},{\"@type\":\"ListItem\",\"position\":3,\"name\":\"Utbildningar\",\"item\":\"https:\\\/\\\/barnafrid.se\\\/kunskapsportal\\\/startsida\\\/barnafrids-utbildningar\\\/\"},{\"@type\":\"ListItem\",\"position\":4,\"name\":\"Basprogram om v\u00e5ld mot barn och unga Gruppsp\u00e5r f\u00f6r f\u00f6rskolan\",\"item\":\"https:\\\/\\\/barnafrid.se\\\/kunskapsportal\\\/startsida\\\/barnafrids-utbildningar\\\/basprogram-om-vald-mot-barn-och-unga-gruppspar-forskola-2\\\/\"},{\"@type\":\"ListItem\",\"position\":5,\"name\":\"V\u00e4lkommen till utbildningen Barnafrids basprogram om v\u00e5ld mot barn och unga \u2013 gruppsp\u00e5r f\u00f6r f\u00f6rskolan\",\"item\":\"https:\\\/\\\/barnafrid.se\\\/kunskapsportal\\\/startsida\\\/barnafrids-utbildningar\\\/basprogram-om-vald-mot-barn-och-unga-gruppspar-forskola-2\\\/gruppspar-forskola\\\/\"},{\"@type\":\"ListItem\",\"position\":6,\"name\":\"Att v\u00e5ga, se, h\u00f6ra och g\u00f6ra\"}]},{\"@type\":\"WebSite\",\"@id\":\"https:\\\/\\\/barnafrid.se\\\/kunskapsportal\\\/#website\",\"url\":\"https:\\\/\\\/barnafrid.se\\\/kunskapsportal\\\/\",\"name\":\"Barnafrid\",\"description\":\"Kunskapsportal om v\u00e5ld mot barn\",\"potentialAction\":[{\"@type\":\"SearchAction\",\"target\":{\"@type\":\"EntryPoint\",\"urlTemplate\":\"https:\\\/\\\/barnafrid.se\\\/kunskapsportal\\\/?s={search_term_string}\"},\"query-input\":{\"@type\":\"PropertyValueSpecification\",\"valueRequired\":true,\"valueName\":\"search_term_string\"}}],\"inLanguage\":\"sv-SE\"}]}<\/script>\n<!-- \/ Yoast SEO plugin. -->","yoast_head_json":{"title":"Att v\u00e5ga, se, h\u00f6ra och g\u00f6ra - Barnafrid","robots":{"index":"noindex","follow":"nofollow"},"og_locale":"sv_SE","og_type":"article","og_title":"Att v\u00e5ga, se, h\u00f6ra och g\u00f6ra - Barnafrid","og_description":"Pedagogen ber\u00e4ttar Utbildningsledarna ber\u00e4ttar Ledningen ber\u00e4ttar Rektorn ber\u00e4ttar Innan utbildningen kan det vara bra om dina kollegor f\u00e5r besvara en kort enk\u00e4t. Syftet med enk\u00e4ten \u00e4r att f\u00e5 en uppfattning om f\u00f6rskolepersonals kunskap och kompetens f\u00f6re och efter utbildningen.\u00a0H\u00e4r kan du se hur f\u00f6rskolepersonalen i Haninge kommun bed\u00f6mde sin kunskap f\u00f6re och efter att de [&hellip;]","og_url":"https:\/\/barnafrid.se\/kunskapsportal\/startsida\/barnafrids-utbildningar\/basprogram-om-vald-mot-barn-och-unga-gruppspar-forskola-2\/gruppspar-forskola\/att-vaga-se-hora-och-gora\/","og_site_name":"Barnafrid","article_modified_time":"2025-02-03T07:50:11+00:00","twitter_card":"summary_large_image","twitter_misc":{"Ber\u00e4knad l\u00e4stid":"1 minut"},"schema":{"@context":"https:\/\/schema.org","@graph":[{"@type":"WebPage","@id":"https:\/\/barnafrid.se\/kunskapsportal\/startsida\/barnafrids-utbildningar\/basprogram-om-vald-mot-barn-och-unga-gruppspar-forskola-2\/gruppspar-forskola\/att-vaga-se-hora-och-gora\/","url":"https:\/\/barnafrid.se\/kunskapsportal\/startsida\/barnafrids-utbildningar\/basprogram-om-vald-mot-barn-och-unga-gruppspar-forskola-2\/gruppspar-forskola\/att-vaga-se-hora-och-gora\/","name":"Att v\u00e5ga, se, h\u00f6ra och g\u00f6ra - Barnafrid","isPartOf":{"@id":"https:\/\/barnafrid.se\/kunskapsportal\/#website"},"datePublished":"2024-04-03T07:48:55+00:00","dateModified":"2025-02-03T07:50:11+00:00","breadcrumb":{"@id":"https:\/\/barnafrid.se\/kunskapsportal\/startsida\/barnafrids-utbildningar\/basprogram-om-vald-mot-barn-och-unga-gruppspar-forskola-2\/gruppspar-forskola\/att-vaga-se-hora-och-gora\/#breadcrumb"},"inLanguage":"sv-SE","potentialAction":[{"@type":"ReadAction","target":["https:\/\/barnafrid.se\/kunskapsportal\/startsida\/barnafrids-utbildningar\/basprogram-om-vald-mot-barn-och-unga-gruppspar-forskola-2\/gruppspar-forskola\/att-vaga-se-hora-och-gora\/"]}]},{"@type":"BreadcrumbList","@id":"https:\/\/barnafrid.se\/kunskapsportal\/startsida\/barnafrids-utbildningar\/basprogram-om-vald-mot-barn-och-unga-gruppspar-forskola-2\/gruppspar-forskola\/att-vaga-se-hora-och-gora\/#breadcrumb","itemListElement":[{"@type":"ListItem","position":1,"name":"Home","item":"https:\/\/barnafrid.se\/kunskapsportal\/"},{"@type":"ListItem","position":2,"name":"Startsida","item":"https:\/\/barnafrid.se\/kunskapsportal\/"},{"@type":"ListItem","position":3,"name":"Utbildningar","item":"https:\/\/barnafrid.se\/kunskapsportal\/startsida\/barnafrids-utbildningar\/"},{"@type":"ListItem","position":4,"name":"Basprogram om v\u00e5ld mot barn och unga Gruppsp\u00e5r f\u00f6r f\u00f6rskolan","item":"https:\/\/barnafrid.se\/kunskapsportal\/startsida\/barnafrids-utbildningar\/basprogram-om-vald-mot-barn-och-unga-gruppspar-forskola-2\/"},{"@type":"ListItem","position":5,"name":"V\u00e4lkommen till utbildningen Barnafrids basprogram om v\u00e5ld mot barn och unga \u2013 gruppsp\u00e5r f\u00f6r f\u00f6rskolan","item":"https:\/\/barnafrid.se\/kunskapsportal\/startsida\/barnafrids-utbildningar\/basprogram-om-vald-mot-barn-och-unga-gruppspar-forskola-2\/gruppspar-forskola\/"},{"@type":"ListItem","position":6,"name":"Att v\u00e5ga, se, h\u00f6ra och g\u00f6ra"}]},{"@type":"WebSite","@id":"https:\/\/barnafrid.se\/kunskapsportal\/#website","url":"https:\/\/barnafrid.se\/kunskapsportal\/","name":"Barnafrid","description":"Kunskapsportal om v\u00e5ld mot barn","potentialAction":[{"@type":"SearchAction","target":{"@type":"EntryPoint","urlTemplate":"https:\/\/barnafrid.se\/kunskapsportal\/?s={search_term_string}"},"query-input":{"@type":"PropertyValueSpecification","valueRequired":true,"valueName":"search_term_string"}}],"inLanguage":"sv-SE"}]}},"_links":{"self":[{"href":"https:\/\/barnafrid.se\/kunskapsportal\/wp-json\/wp\/v2\/pages\/8882","targetHints":{"allow":["GET"]}}],"collection":[{"href":"https:\/\/barnafrid.se\/kunskapsportal\/wp-json\/wp\/v2\/pages"}],"about":[{"href":"https:\/\/barnafrid.se\/kunskapsportal\/wp-json\/wp\/v2\/types\/page"}],"author":[{"embeddable":true,"href":"https:\/\/barnafrid.se\/kunskapsportal\/wp-json\/wp\/v2\/users\/10518"}],"replies":[{"embeddable":true,"href":"https:\/\/barnafrid.se\/kunskapsportal\/wp-json\/wp\/v2\/comments?post=8882"}],"version-history":[{"count":6,"href":"https:\/\/barnafrid.se\/kunskapsportal\/wp-json\/wp\/v2\/pages\/8882\/revisions"}],"predecessor-version":[{"id":13572,"href":"https:\/\/barnafrid.se\/kunskapsportal\/wp-json\/wp\/v2\/pages\/8882\/revisions\/13572"}],"up":[{"embeddable":true,"href":"https:\/\/barnafrid.se\/kunskapsportal\/wp-json\/wp\/v2\/pages\/8406"}],"wp:attachment":[{"href":"https:\/\/barnafrid.se\/kunskapsportal\/wp-json\/wp\/v2\/media?parent=8882"}],"wp:term":[{"taxonomy":"role","embeddable":true,"href":"https:\/\/barnafrid.se\/kunskapsportal\/wp-json\/wp\/v2\/role?post=8882"}],"curies":[{"name":"wp","href":"https:\/\/api.w.org\/{rel}","templated":true}]}}