{"id":8788,"date":"2024-03-19T10:06:40","date_gmt":"2024-03-19T09:06:40","guid":{"rendered":"https:\/\/barnafrid.se\/kunskapsportal\/?page_id=8788"},"modified":"2026-03-17T10:12:58","modified_gmt":"2026-03-17T09:12:58","slug":"fordjupningstema-krankningar-och-mobbning","status":"publish","type":"page","link":"https:\/\/barnafrid.se\/kunskapsportal\/startsida\/barnafrids-utbildningar\/basprogram-om-vald-mot-barn-och-unga-gruppspar-forskola-2\/gruppspar-forskola\/fordjupningstema-krankningar-och-mobbning\/","title":{"rendered":"F\u00f6rdjupningstema: N\u00e4r barn far illa, kr\u00e4nkningar och mobbning p\u00e5 f\u00f6rskolan"},"content":{"rendered":"\n<figure class=\"Image size-full is-resized\"><img loading=\"lazy\" decoding=\"async\" width=\"650\" height=\"530\" src=\"\/kunskapsportal\/wp-content\/uploads\/2019\/12\/barnafrid_image_42.png\" alt=\"\" class=\"Image-img wp-image-861\" style=\"width:423px;height:auto\" srcset=\"https:\/\/barnafrid.se\/kunskapsportal\/wp-content\/uploads\/2019\/12\/barnafrid_image_42.png 650w, https:\/\/barnafrid.se\/kunskapsportal\/wp-content\/uploads\/2019\/12\/barnafrid_image_42-300x245.png 300w\" sizes=\"auto, (max-width: 650px) 100vw, 650px\" \/><\/figure>\n\n\n\n<p>Syftet med f\u00f6rdjupningstemat \u00e4r att du och dina kollegor ska kunna uppt\u00e4cka och agera om barn blir utsatta f\u00f6r n\u00e5gon form av v\u00e5ld p\u00e5 f\u00f6rskolan. F\u00f6rskolans officiella styrdokument som skollagen, diskrimineringslagen och l\u00e4roplanen anv\u00e4nder inte begreppet v\u00e5ld i sina texter, utan i st\u00e4llet kr\u00e4nkning, diskriminering, trakasserier, sexuella \u00f6vergrepp och mobbning (\u00e4ven om just ordet mobbning inte finns med i skollagen). N\u00e4r vi anv\u00e4nder begreppet v\u00e5ld i den h\u00e4r utbildningen s\u00e5 omfattar vi allts\u00e5 alla dessa former av \u00f6vergrepp.<\/p>\n\n\n\n<p>M\u00e5len med det h\u00e4r temat \u00e4r att du och dina kollegor ska f\u00e5 \u00f6kad kunskap om<\/p>\n\n\n\n<ul class=\"List\">\n<li class=\"List-item\">vilka olika former av v\u00e5ld som ett barn kan bli utsatt f\u00f6r p\u00e5 f\u00f6rskolan<\/li>\n\n\n\n<li class=\"List-item\">hur ni kan skapa en gemensam v\u00e4rdegrund i synen p\u00e5 v\u00e5ld och annan form av <br>utsatthet i er verksamhet<\/li>\n\n\n\n<li class=\"List-item\">vad en tystnadskultur inneb\u00e4r och hur den kan f\u00f6rebyggas<\/li>\n\n\n\n<li class=\"List-item\">vilken handlingsberedskap ni beh\u00f6ver ha b\u00e5de n\u00e4r det g\u00e4ller akuta h\u00e4ndelser och i<br>situationer som kr\u00e4ver ett l\u00e5ngsiktigt och systematiskt f\u00f6rebyggande arbete.<\/li>\n<\/ul>\n\n\n\n\n<div class=\"Card-section Card-section--three \">\n\n\n    <a class=\"Card-link-container\" target=\"_blank\" href=\"https:\/\/barnafrid.se\/kunskapsportal\/startsida\/barnafrids-utbildningar\/basprogram-om-vald-mot-barn-och-unga-gruppspar-forskola-2\/gruppspar-forskola\/fordjupningstema-krankningar-och-mobbning\/fordjupningstema-handledningsmaterial-krankningar-och-mobbning\/\">\n        <div class=\"Card Card--blue Card--internal\">\n            <p class=\"Card-pretitle\"><\/p>\n            <h2 class=\"Card-title\">Handledningsmaterial<\/h2>\n                        <div class=\"Card-footer\">\n                <span class=\"Card-footer-text\">G\u00e5 till handledningsmaterialet f\u00f6r f\u00f6rdjupningstemat om kr\u00e4nkningar och mobbning.<\/span>\n                            <\/div>\n        <\/div>\n    <\/a>\n    <a class=\"Card-link-container\" target=\"_blank\" href=\"https:\/\/barnafrid.se\/kunskapsportal\/startsida\/barnafrids-utbildningar\/basprogram-om-vald-mot-barn-och-unga-gruppspar-forskola-2\/gruppspar-forskola\/fordjupningstema-krankningar-och-mobbning\/fordjupningstema-ovningsmaterial-krankningar-och-mobbning\/\">\n        <div class=\"Card Card--white Card--internal\">\n            <p class=\"Card-pretitle\"><\/p>\n            <h2 class=\"Card-title\">\u00d6vningsmaterial<\/h2>\n                        <div class=\"Card-footer\">\n                <span class=\"Card-footer-text\">G\u00e5 till \u00f6vningsmaterialet f\u00f6r f\u00f6rdjupningstemat om kr\u00e4nkningar och mobbning.<\/span>\n                            <\/div>\n        <\/div>\n    <\/a>\n    <a class=\"Card-link-container\" target=\"_blank\" href=\"https:\/\/barnafrid.se\/kunskapsportal\/fordjupningstema-scenarioovning-krankningar-och-mobbning\/\">\n        <div class=\"Card Card--purple Card--internal\">\n            <p class=\"Card-pretitle\"><\/p>\n            <h2 class=\"Card-title\">Scenario\u00f6vningar<\/h2>\n                        <div class=\"Card-footer\">\n                <span class=\"Card-footer-text\">G\u00e5 till scenario\u00f6vningar f\u00f6r f\u00f6rdjupningstemat kr\u00e4nkningar och mobbning. <\/span>\n                            <\/div>\n        <\/div>\n    <\/a>\n<\/div>\n\n\n\n<h3 class=\"wp-block-heading has-text-align-right\"><a href=\"https:\/\/barnafrid.se\/kunskapsportal\/startsida\/barnafrids-utbildningar\/basprogram-om-vald-mot-barn-och-unga-gruppspar-forskola-2\/gruppspar-forskola\/\">Tillbaka till start &gt;&gt;<\/a><\/h3>\n","protected":false},"excerpt":{"rendered":"<p>Syftet med f\u00f6rdjupningstemat \u00e4r att du och dina kollegor ska kunna uppt\u00e4cka och agera om barn blir utsatta f\u00f6r n\u00e5gon form av v\u00e5ld p\u00e5 f\u00f6rskolan. F\u00f6rskolans officiella styrdokument som skollagen, diskrimineringslagen och l\u00e4roplanen anv\u00e4nder inte begreppet v\u00e5ld i sina texter, utan i st\u00e4llet kr\u00e4nkning, diskriminering, trakasserier, sexuella \u00f6vergrepp och mobbning (\u00e4ven om just ordet mobbning [&hellip;]<\/p>\n","protected":false},"author":10518,"featured_media":0,"parent":8406,"menu_order":0,"comment_status":"closed","ping_status":"closed","template":"page-centered.php","meta":{"h5ap_radio_sources":[],"footnotes":""},"role":[],"class_list":["post-8788","page","type-page","status-publish","hentry"],"yoast_head":"<!-- This site is optimized with the Yoast SEO plugin v27.5 - https:\/\/yoast.com\/product\/yoast-seo-wordpress\/ -->\n<title>F\u00f6rdjupningstema: N\u00e4r barn far illa, kr\u00e4nkningar och mobbning p\u00e5 f\u00f6rskolan - Barnafrid<\/title>\n<meta name=\"robots\" content=\"noindex, nofollow\" \/>\n<meta property=\"og:locale\" content=\"sv_SE\" \/>\n<meta property=\"og:type\" content=\"article\" \/>\n<meta property=\"og:title\" content=\"F\u00f6rdjupningstema: N\u00e4r barn far illa, kr\u00e4nkningar och mobbning p\u00e5 f\u00f6rskolan - Barnafrid\" \/>\n<meta property=\"og:description\" content=\"Syftet med f\u00f6rdjupningstemat \u00e4r att du och dina kollegor ska kunna uppt\u00e4cka och agera om barn blir utsatta f\u00f6r n\u00e5gon form av v\u00e5ld p\u00e5 f\u00f6rskolan. F\u00f6rskolans officiella styrdokument som skollagen, diskrimineringslagen och l\u00e4roplanen anv\u00e4nder inte begreppet v\u00e5ld i sina texter, utan i st\u00e4llet kr\u00e4nkning, diskriminering, trakasserier, sexuella \u00f6vergrepp och mobbning (\u00e4ven om just ordet mobbning [&hellip;]\" \/>\n<meta property=\"og:url\" content=\"https:\/\/barnafrid.se\/kunskapsportal\/startsida\/barnafrids-utbildningar\/basprogram-om-vald-mot-barn-och-unga-gruppspar-forskola-2\/gruppspar-forskola\/fordjupningstema-krankningar-och-mobbning\/\" \/>\n<meta property=\"og:site_name\" content=\"Barnafrid\" \/>\n<meta property=\"article:modified_time\" content=\"2026-03-17T09:12:58+00:00\" \/>\n<meta name=\"twitter:card\" content=\"summary_large_image\" \/>\n<meta name=\"twitter:label1\" content=\"Ber\u00e4knad l\u00e4stid\" \/>\n\t<meta name=\"twitter:data1\" content=\"2 minuter\" \/>\n<script type=\"application\/ld+json\" class=\"yoast-schema-graph\">{\"@context\":\"https:\\\/\\\/schema.org\",\"@graph\":[{\"@type\":\"WebPage\",\"@id\":\"https:\\\/\\\/barnafrid.se\\\/kunskapsportal\\\/startsida\\\/barnafrids-utbildningar\\\/basprogram-om-vald-mot-barn-och-unga-gruppspar-forskola-2\\\/gruppspar-forskola\\\/fordjupningstema-krankningar-och-mobbning\\\/\",\"url\":\"https:\\\/\\\/barnafrid.se\\\/kunskapsportal\\\/startsida\\\/barnafrids-utbildningar\\\/basprogram-om-vald-mot-barn-och-unga-gruppspar-forskola-2\\\/gruppspar-forskola\\\/fordjupningstema-krankningar-och-mobbning\\\/\",\"name\":\"F\u00f6rdjupningstema: N\u00e4r barn far illa, kr\u00e4nkningar och mobbning p\u00e5 f\u00f6rskolan - Barnafrid\",\"isPartOf\":{\"@id\":\"https:\\\/\\\/barnafrid.se\\\/kunskapsportal\\\/#website\"},\"datePublished\":\"2024-03-19T09:06:40+00:00\",\"dateModified\":\"2026-03-17T09:12:58+00:00\",\"breadcrumb\":{\"@id\":\"https:\\\/\\\/barnafrid.se\\\/kunskapsportal\\\/startsida\\\/barnafrids-utbildningar\\\/basprogram-om-vald-mot-barn-och-unga-gruppspar-forskola-2\\\/gruppspar-forskola\\\/fordjupningstema-krankningar-och-mobbning\\\/#breadcrumb\"},\"inLanguage\":\"sv-SE\",\"potentialAction\":[{\"@type\":\"ReadAction\",\"target\":[\"https:\\\/\\\/barnafrid.se\\\/kunskapsportal\\\/startsida\\\/barnafrids-utbildningar\\\/basprogram-om-vald-mot-barn-och-unga-gruppspar-forskola-2\\\/gruppspar-forskola\\\/fordjupningstema-krankningar-och-mobbning\\\/\"]}]},{\"@type\":\"BreadcrumbList\",\"@id\":\"https:\\\/\\\/barnafrid.se\\\/kunskapsportal\\\/startsida\\\/barnafrids-utbildningar\\\/basprogram-om-vald-mot-barn-och-unga-gruppspar-forskola-2\\\/gruppspar-forskola\\\/fordjupningstema-krankningar-och-mobbning\\\/#breadcrumb\",\"itemListElement\":[{\"@type\":\"ListItem\",\"position\":1,\"name\":\"Home\",\"item\":\"https:\\\/\\\/barnafrid.se\\\/kunskapsportal\\\/\"},{\"@type\":\"ListItem\",\"position\":2,\"name\":\"Startsida\",\"item\":\"https:\\\/\\\/barnafrid.se\\\/kunskapsportal\\\/\"},{\"@type\":\"ListItem\",\"position\":3,\"name\":\"Utbildningar\",\"item\":\"https:\\\/\\\/barnafrid.se\\\/kunskapsportal\\\/startsida\\\/barnafrids-utbildningar\\\/\"},{\"@type\":\"ListItem\",\"position\":4,\"name\":\"Basprogram om v\u00e5ld mot barn och unga Gruppsp\u00e5r f\u00f6r f\u00f6rskolan\",\"item\":\"https:\\\/\\\/barnafrid.se\\\/kunskapsportal\\\/startsida\\\/barnafrids-utbildningar\\\/basprogram-om-vald-mot-barn-och-unga-gruppspar-forskola-2\\\/\"},{\"@type\":\"ListItem\",\"position\":5,\"name\":\"V\u00e4lkommen till utbildningen Barnafrids basprogram om v\u00e5ld mot barn och unga \u2013 gruppsp\u00e5r f\u00f6r f\u00f6rskolan\",\"item\":\"https:\\\/\\\/barnafrid.se\\\/kunskapsportal\\\/startsida\\\/barnafrids-utbildningar\\\/basprogram-om-vald-mot-barn-och-unga-gruppspar-forskola-2\\\/gruppspar-forskola\\\/\"},{\"@type\":\"ListItem\",\"position\":6,\"name\":\"F\u00f6rdjupningstema: N\u00e4r barn far illa, kr\u00e4nkningar och mobbning p\u00e5 f\u00f6rskolan\"}]},{\"@type\":\"WebSite\",\"@id\":\"https:\\\/\\\/barnafrid.se\\\/kunskapsportal\\\/#website\",\"url\":\"https:\\\/\\\/barnafrid.se\\\/kunskapsportal\\\/\",\"name\":\"Barnafrid\",\"description\":\"Kunskapsportal om v\u00e5ld mot barn\",\"potentialAction\":[{\"@type\":\"SearchAction\",\"target\":{\"@type\":\"EntryPoint\",\"urlTemplate\":\"https:\\\/\\\/barnafrid.se\\\/kunskapsportal\\\/?s={search_term_string}\"},\"query-input\":{\"@type\":\"PropertyValueSpecification\",\"valueRequired\":true,\"valueName\":\"search_term_string\"}}],\"inLanguage\":\"sv-SE\"}]}<\/script>\n<!-- \/ Yoast SEO plugin. -->","yoast_head_json":{"title":"F\u00f6rdjupningstema: N\u00e4r barn far illa, kr\u00e4nkningar och mobbning p\u00e5 f\u00f6rskolan - Barnafrid","robots":{"index":"noindex","follow":"nofollow"},"og_locale":"sv_SE","og_type":"article","og_title":"F\u00f6rdjupningstema: N\u00e4r barn far illa, kr\u00e4nkningar och mobbning p\u00e5 f\u00f6rskolan - Barnafrid","og_description":"Syftet med f\u00f6rdjupningstemat \u00e4r att du och dina kollegor ska kunna uppt\u00e4cka och agera om barn blir utsatta f\u00f6r n\u00e5gon form av v\u00e5ld p\u00e5 f\u00f6rskolan. F\u00f6rskolans officiella styrdokument som skollagen, diskrimineringslagen och l\u00e4roplanen anv\u00e4nder inte begreppet v\u00e5ld i sina texter, utan i st\u00e4llet kr\u00e4nkning, diskriminering, trakasserier, sexuella \u00f6vergrepp och mobbning (\u00e4ven om just ordet mobbning [&hellip;]","og_url":"https:\/\/barnafrid.se\/kunskapsportal\/startsida\/barnafrids-utbildningar\/basprogram-om-vald-mot-barn-och-unga-gruppspar-forskola-2\/gruppspar-forskola\/fordjupningstema-krankningar-och-mobbning\/","og_site_name":"Barnafrid","article_modified_time":"2026-03-17T09:12:58+00:00","twitter_card":"summary_large_image","twitter_misc":{"Ber\u00e4knad l\u00e4stid":"2 minuter"},"schema":{"@context":"https:\/\/schema.org","@graph":[{"@type":"WebPage","@id":"https:\/\/barnafrid.se\/kunskapsportal\/startsida\/barnafrids-utbildningar\/basprogram-om-vald-mot-barn-och-unga-gruppspar-forskola-2\/gruppspar-forskola\/fordjupningstema-krankningar-och-mobbning\/","url":"https:\/\/barnafrid.se\/kunskapsportal\/startsida\/barnafrids-utbildningar\/basprogram-om-vald-mot-barn-och-unga-gruppspar-forskola-2\/gruppspar-forskola\/fordjupningstema-krankningar-och-mobbning\/","name":"F\u00f6rdjupningstema: N\u00e4r barn far illa, kr\u00e4nkningar och mobbning p\u00e5 f\u00f6rskolan - Barnafrid","isPartOf":{"@id":"https:\/\/barnafrid.se\/kunskapsportal\/#website"},"datePublished":"2024-03-19T09:06:40+00:00","dateModified":"2026-03-17T09:12:58+00:00","breadcrumb":{"@id":"https:\/\/barnafrid.se\/kunskapsportal\/startsida\/barnafrids-utbildningar\/basprogram-om-vald-mot-barn-och-unga-gruppspar-forskola-2\/gruppspar-forskola\/fordjupningstema-krankningar-och-mobbning\/#breadcrumb"},"inLanguage":"sv-SE","potentialAction":[{"@type":"ReadAction","target":["https:\/\/barnafrid.se\/kunskapsportal\/startsida\/barnafrids-utbildningar\/basprogram-om-vald-mot-barn-och-unga-gruppspar-forskola-2\/gruppspar-forskola\/fordjupningstema-krankningar-och-mobbning\/"]}]},{"@type":"BreadcrumbList","@id":"https:\/\/barnafrid.se\/kunskapsportal\/startsida\/barnafrids-utbildningar\/basprogram-om-vald-mot-barn-och-unga-gruppspar-forskola-2\/gruppspar-forskola\/fordjupningstema-krankningar-och-mobbning\/#breadcrumb","itemListElement":[{"@type":"ListItem","position":1,"name":"Home","item":"https:\/\/barnafrid.se\/kunskapsportal\/"},{"@type":"ListItem","position":2,"name":"Startsida","item":"https:\/\/barnafrid.se\/kunskapsportal\/"},{"@type":"ListItem","position":3,"name":"Utbildningar","item":"https:\/\/barnafrid.se\/kunskapsportal\/startsida\/barnafrids-utbildningar\/"},{"@type":"ListItem","position":4,"name":"Basprogram om v\u00e5ld mot barn och unga Gruppsp\u00e5r f\u00f6r f\u00f6rskolan","item":"https:\/\/barnafrid.se\/kunskapsportal\/startsida\/barnafrids-utbildningar\/basprogram-om-vald-mot-barn-och-unga-gruppspar-forskola-2\/"},{"@type":"ListItem","position":5,"name":"V\u00e4lkommen till utbildningen Barnafrids basprogram om v\u00e5ld mot barn och unga \u2013 gruppsp\u00e5r f\u00f6r f\u00f6rskolan","item":"https:\/\/barnafrid.se\/kunskapsportal\/startsida\/barnafrids-utbildningar\/basprogram-om-vald-mot-barn-och-unga-gruppspar-forskola-2\/gruppspar-forskola\/"},{"@type":"ListItem","position":6,"name":"F\u00f6rdjupningstema: N\u00e4r barn far illa, kr\u00e4nkningar och mobbning p\u00e5 f\u00f6rskolan"}]},{"@type":"WebSite","@id":"https:\/\/barnafrid.se\/kunskapsportal\/#website","url":"https:\/\/barnafrid.se\/kunskapsportal\/","name":"Barnafrid","description":"Kunskapsportal om v\u00e5ld mot barn","potentialAction":[{"@type":"SearchAction","target":{"@type":"EntryPoint","urlTemplate":"https:\/\/barnafrid.se\/kunskapsportal\/?s={search_term_string}"},"query-input":{"@type":"PropertyValueSpecification","valueRequired":true,"valueName":"search_term_string"}}],"inLanguage":"sv-SE"}]}},"_links":{"self":[{"href":"https:\/\/barnafrid.se\/kunskapsportal\/wp-json\/wp\/v2\/pages\/8788","targetHints":{"allow":["GET"]}}],"collection":[{"href":"https:\/\/barnafrid.se\/kunskapsportal\/wp-json\/wp\/v2\/pages"}],"about":[{"href":"https:\/\/barnafrid.se\/kunskapsportal\/wp-json\/wp\/v2\/types\/page"}],"author":[{"embeddable":true,"href":"https:\/\/barnafrid.se\/kunskapsportal\/wp-json\/wp\/v2\/users\/10518"}],"replies":[{"embeddable":true,"href":"https:\/\/barnafrid.se\/kunskapsportal\/wp-json\/wp\/v2\/comments?post=8788"}],"version-history":[{"count":21,"href":"https:\/\/barnafrid.se\/kunskapsportal\/wp-json\/wp\/v2\/pages\/8788\/revisions"}],"predecessor-version":[{"id":18015,"href":"https:\/\/barnafrid.se\/kunskapsportal\/wp-json\/wp\/v2\/pages\/8788\/revisions\/18015"}],"up":[{"embeddable":true,"href":"https:\/\/barnafrid.se\/kunskapsportal\/wp-json\/wp\/v2\/pages\/8406"}],"wp:attachment":[{"href":"https:\/\/barnafrid.se\/kunskapsportal\/wp-json\/wp\/v2\/media?parent=8788"}],"wp:term":[{"taxonomy":"role","embeddable":true,"href":"https:\/\/barnafrid.se\/kunskapsportal\/wp-json\/wp\/v2\/role?post=8788"}],"curies":[{"name":"wp","href":"https:\/\/api.w.org\/{rel}","templated":true}]}}