{"id":8773,"date":"2024-03-19T09:49:02","date_gmt":"2024-03-19T08:49:02","guid":{"rendered":"https:\/\/barnafrid.se\/kunskapsportal\/?page_id=8773"},"modified":"2024-05-20T11:16:51","modified_gmt":"2024-05-20T09:16:51","slug":"tema-4-vad-ska-ni-gora-nar-och-hur-ska-ni-gora-en-anmalan-till-socialtjanst","status":"publish","type":"page","link":"https:\/\/barnafrid.se\/kunskapsportal\/startsida\/barnafrids-utbildningar\/basprogram-om-vald-mot-barn-och-unga-gruppspar-forskola-2\/gruppspar-forskola\/tema-4-vad-ska-ni-gora-nar-och-hur-ska-ni-gora-en-anmalan-till-socialtjanst\/","title":{"rendered":"Tema 4: Agera f\u00f6r barnet! Anm\u00e4l oro till socialtj\u00e4nsten och skapa trygghet f\u00f6r barnet i f\u00f6rskolan"},"content":{"rendered":"\n<figure class=\"Image size-full\"><img loading=\"lazy\" decoding=\"async\" width=\"650\" height=\"148\" src=\"\/kunskapsportal\/wp-content\/uploads\/2019\/12\/barnafrid_image_52-1.png\" alt=\"Illustration av br\u00f6d, margarin och ost\" class=\"Image-img wp-image-1218\" srcset=\"https:\/\/barnafrid.se\/kunskapsportal\/wp-content\/uploads\/2019\/12\/barnafrid_image_52-1.png 650w, https:\/\/barnafrid.se\/kunskapsportal\/wp-content\/uploads\/2019\/12\/barnafrid_image_52-1-300x68.png 300w\" sizes=\"auto, (max-width: 650px) 100vw, 650px\" \/><\/figure>\n\n\n\n<p>Syftet med det fj\u00e4rde temat \u00e4r att du och dina kollegor ska f\u00e5 \u00f6kad kunskap och kompetens om hur ni i era roller som pedagoger ska agera n\u00e4r det finns misstanke eller k\u00e4nnedom om att ett barn kan vara utsatt f\u00f6r v\u00e5ld. I temat kommer dina kollegor att f\u00e5 kunskap om hur en orosanm\u00e4lan till socialtj\u00e4nsten g\u00e5r till och \u00f6va p\u00e5 att g\u00f6ra en anm\u00e4lan. Temat handlar ocks\u00e5 om hur viktig f\u00f6rskolan och ni som pedagoger \u00e4r f\u00f6r v\u00e5ldsutsatta barn.<\/p>\n\n\n\n<p>M\u00e5len med det h\u00e4r temat \u00e4r att du och dina kollegor ska<\/p>\n\n\n\n<ul class=\"List\">\n<li class=\"List-item\">veta hur ni ska g\u00f6ra en orosanm\u00e4lan till socialtj\u00e4nsten<\/li>\n\n\n\n<li class=\"List-item\">veta vad som h\u00e4nder efter en anm\u00e4lan till socialtj\u00e4nsten<\/li>\n\n\n\n<li class=\"List-item\">ha kunskap och kompetens om vad f\u00f6rskolan kan g\u00f6ra f\u00f6r att skapa trygghet f\u00f6r ett<br>barn som har upplevt v\u00e5ld eller lever i utsatthet.<\/li>\n<\/ul>\n\n\n\n\n<div class=\"Card-section Card-section--three \">\n\n\n    <a class=\"Card-link-container\" target=\"_blank\" href=\"https:\/\/barnafrid.se\/kunskapsportal\/startsida\/barnafrids-utbildningar\/basprogram-om-vald-mot-barn-och-unga-gruppspar-forskola-2\/gruppspar-forskola\/tema-4-vad-ska-ni-gora-nar-och-hur-ska-ni-gora-en-anmalan-till-socialtjanst\/tema-4-handledningsmaterial\/\">\n        <div class=\"Card Card--blue Card--internal\">\n            <p class=\"Card-pretitle\"><\/p>\n            <h2 class=\"Card-title\">Handledningsmaterial <\/h2>\n                        <div class=\"Card-footer\">\n                <span class=\"Card-footer-text\">G\u00e5 till handledningsmaterial f\u00f6r tema 4.<\/span>\n                            <\/div>\n        <\/div>\n    <\/a>\n    <a class=\"Card-link-container\" target=\"_blank\" href=\"https:\/\/barnafrid.se\/kunskapsportal\/startsida\/barnafrids-utbildningar\/basprogram-om-vald-mot-barn-och-unga-gruppspar-forskola-2\/gruppspar-forskola\/tema-4-vad-ska-ni-gora-nar-och-hur-ska-ni-gora-en-anmalan-till-socialtjanst\/tema-4-ovningsmaterial\/\">\n        <div class=\"Card Card--aquamarine Card--internal\">\n            <p class=\"Card-pretitle\"><\/p>\n            <h2 class=\"Card-title\">\u00d6vningsmaterial<\/h2>\n                        <div class=\"Card-footer\">\n                <span class=\"Card-footer-text\">G\u00e5 till \u00f6vningsmaterial f\u00f6r tema 4.<\/span>\n                            <\/div>\n        <\/div>\n    <\/a>\n    <a class=\"Card-link-container\" target=\"_blank\" href=\"https:\/\/barnafrid.se\/kunskapsportal\/startsida\/barnafrids-utbildningar\/basprogram-om-vald-mot-barn-och-unga-gruppspar-forskola-2\/gruppspar-forskola\/tema-4-vad-ska-ni-gora-nar-och-hur-ska-ni-gora-en-anmalan-till-socialtjanst\/tema-4-scenarioovning\/\">\n        <div class=\"Card Card--salmon Card--internal\">\n            <p class=\"Card-pretitle\"><\/p>\n            <h2 class=\"Card-title\">Scenario\u00f6vning<\/h2>\n                        <div class=\"Card-footer\">\n                <span class=\"Card-footer-text\">G\u00e5 till scenario\u00f6vning f\u00f6r tema 4.<\/span>\n                            <\/div>\n        <\/div>\n    <\/a>\n<\/div>\n\n\n\n<p><a href=\"https:\/\/barnafrid.se\/kunskapsportal\/startsida\/barnafrids-utbildningar\/basprogram-om-vald-mot-barn-och-unga-gruppspar-forskola-2\/gruppspar-forskola\/\">Tillbaka till start &gt;&gt;<\/a><\/p>\n","protected":false},"excerpt":{"rendered":"<p>Syftet med det fj\u00e4rde temat \u00e4r att du och dina kollegor ska f\u00e5 \u00f6kad kunskap och kompetens om hur ni i era roller som pedagoger ska agera n\u00e4r det finns misstanke eller k\u00e4nnedom om att ett barn kan vara utsatt f\u00f6r v\u00e5ld. I temat kommer dina kollegor att f\u00e5 kunskap om hur en orosanm\u00e4lan till [&hellip;]<\/p>\n","protected":false},"author":10518,"featured_media":0,"parent":8406,"menu_order":0,"comment_status":"closed","ping_status":"closed","template":"page-centered.php","meta":{"h5ap_radio_sources":[],"footnotes":""},"role":[],"class_list":["post-8773","page","type-page","status-publish","hentry"],"yoast_head":"<!-- This site is optimized with the Yoast SEO plugin v27.5 - https:\/\/yoast.com\/product\/yoast-seo-wordpress\/ -->\n<title>Tema 4: Agera f\u00f6r barnet! Anm\u00e4l oro till socialtj\u00e4nsten och skapa trygghet f\u00f6r barnet i f\u00f6rskolan - Barnafrid<\/title>\n<meta name=\"robots\" content=\"noindex, nofollow\" \/>\n<meta property=\"og:locale\" content=\"sv_SE\" \/>\n<meta property=\"og:type\" content=\"article\" \/>\n<meta property=\"og:title\" content=\"Tema 4: Agera f\u00f6r barnet! Anm\u00e4l oro till socialtj\u00e4nsten och skapa trygghet f\u00f6r barnet i f\u00f6rskolan - Barnafrid\" \/>\n<meta property=\"og:description\" content=\"Syftet med det fj\u00e4rde temat \u00e4r att du och dina kollegor ska f\u00e5 \u00f6kad kunskap och kompetens om hur ni i era roller som pedagoger ska agera n\u00e4r det finns misstanke eller k\u00e4nnedom om att ett barn kan vara utsatt f\u00f6r v\u00e5ld. I temat kommer dina kollegor att f\u00e5 kunskap om hur en orosanm\u00e4lan till [&hellip;]\" \/>\n<meta property=\"og:url\" content=\"https:\/\/barnafrid.se\/kunskapsportal\/startsida\/barnafrids-utbildningar\/basprogram-om-vald-mot-barn-och-unga-gruppspar-forskola-2\/gruppspar-forskola\/tema-4-vad-ska-ni-gora-nar-och-hur-ska-ni-gora-en-anmalan-till-socialtjanst\/\" \/>\n<meta property=\"og:site_name\" content=\"Barnafrid\" \/>\n<meta property=\"article:modified_time\" content=\"2024-05-20T09:16:51+00:00\" \/>\n<meta name=\"twitter:card\" content=\"summary_large_image\" \/>\n<meta name=\"twitter:label1\" content=\"Ber\u00e4knad l\u00e4stid\" \/>\n\t<meta name=\"twitter:data1\" content=\"1 minut\" \/>\n<script type=\"application\/ld+json\" class=\"yoast-schema-graph\">{\"@context\":\"https:\\\/\\\/schema.org\",\"@graph\":[{\"@type\":\"WebPage\",\"@id\":\"https:\\\/\\\/barnafrid.se\\\/kunskapsportal\\\/startsida\\\/barnafrids-utbildningar\\\/basprogram-om-vald-mot-barn-och-unga-gruppspar-forskola-2\\\/gruppspar-forskola\\\/tema-4-vad-ska-ni-gora-nar-och-hur-ska-ni-gora-en-anmalan-till-socialtjanst\\\/\",\"url\":\"https:\\\/\\\/barnafrid.se\\\/kunskapsportal\\\/startsida\\\/barnafrids-utbildningar\\\/basprogram-om-vald-mot-barn-och-unga-gruppspar-forskola-2\\\/gruppspar-forskola\\\/tema-4-vad-ska-ni-gora-nar-och-hur-ska-ni-gora-en-anmalan-till-socialtjanst\\\/\",\"name\":\"Tema 4: Agera f\u00f6r barnet! Anm\u00e4l oro till socialtj\u00e4nsten och skapa trygghet f\u00f6r barnet i f\u00f6rskolan - Barnafrid\",\"isPartOf\":{\"@id\":\"https:\\\/\\\/barnafrid.se\\\/kunskapsportal\\\/#website\"},\"datePublished\":\"2024-03-19T08:49:02+00:00\",\"dateModified\":\"2024-05-20T09:16:51+00:00\",\"breadcrumb\":{\"@id\":\"https:\\\/\\\/barnafrid.se\\\/kunskapsportal\\\/startsida\\\/barnafrids-utbildningar\\\/basprogram-om-vald-mot-barn-och-unga-gruppspar-forskola-2\\\/gruppspar-forskola\\\/tema-4-vad-ska-ni-gora-nar-och-hur-ska-ni-gora-en-anmalan-till-socialtjanst\\\/#breadcrumb\"},\"inLanguage\":\"sv-SE\",\"potentialAction\":[{\"@type\":\"ReadAction\",\"target\":[\"https:\\\/\\\/barnafrid.se\\\/kunskapsportal\\\/startsida\\\/barnafrids-utbildningar\\\/basprogram-om-vald-mot-barn-och-unga-gruppspar-forskola-2\\\/gruppspar-forskola\\\/tema-4-vad-ska-ni-gora-nar-och-hur-ska-ni-gora-en-anmalan-till-socialtjanst\\\/\"]}]},{\"@type\":\"BreadcrumbList\",\"@id\":\"https:\\\/\\\/barnafrid.se\\\/kunskapsportal\\\/startsida\\\/barnafrids-utbildningar\\\/basprogram-om-vald-mot-barn-och-unga-gruppspar-forskola-2\\\/gruppspar-forskola\\\/tema-4-vad-ska-ni-gora-nar-och-hur-ska-ni-gora-en-anmalan-till-socialtjanst\\\/#breadcrumb\",\"itemListElement\":[{\"@type\":\"ListItem\",\"position\":1,\"name\":\"Home\",\"item\":\"https:\\\/\\\/barnafrid.se\\\/kunskapsportal\\\/\"},{\"@type\":\"ListItem\",\"position\":2,\"name\":\"Startsida\",\"item\":\"https:\\\/\\\/barnafrid.se\\\/kunskapsportal\\\/\"},{\"@type\":\"ListItem\",\"position\":3,\"name\":\"Utbildningar\",\"item\":\"https:\\\/\\\/barnafrid.se\\\/kunskapsportal\\\/startsida\\\/barnafrids-utbildningar\\\/\"},{\"@type\":\"ListItem\",\"position\":4,\"name\":\"Basprogram om v\u00e5ld mot barn och unga Gruppsp\u00e5r f\u00f6r f\u00f6rskolan\",\"item\":\"https:\\\/\\\/barnafrid.se\\\/kunskapsportal\\\/startsida\\\/barnafrids-utbildningar\\\/basprogram-om-vald-mot-barn-och-unga-gruppspar-forskola-2\\\/\"},{\"@type\":\"ListItem\",\"position\":5,\"name\":\"V\u00e4lkommen till utbildningen Barnafrids basprogram om v\u00e5ld mot barn och unga \u2013 gruppsp\u00e5r f\u00f6r f\u00f6rskolan\",\"item\":\"https:\\\/\\\/barnafrid.se\\\/kunskapsportal\\\/startsida\\\/barnafrids-utbildningar\\\/basprogram-om-vald-mot-barn-och-unga-gruppspar-forskola-2\\\/gruppspar-forskola\\\/\"},{\"@type\":\"ListItem\",\"position\":6,\"name\":\"Tema 4: Agera f\u00f6r barnet! Anm\u00e4l oro till socialtj\u00e4nsten och skapa trygghet f\u00f6r barnet i f\u00f6rskolan\"}]},{\"@type\":\"WebSite\",\"@id\":\"https:\\\/\\\/barnafrid.se\\\/kunskapsportal\\\/#website\",\"url\":\"https:\\\/\\\/barnafrid.se\\\/kunskapsportal\\\/\",\"name\":\"Barnafrid\",\"description\":\"Kunskapsportal om v\u00e5ld mot barn\",\"potentialAction\":[{\"@type\":\"SearchAction\",\"target\":{\"@type\":\"EntryPoint\",\"urlTemplate\":\"https:\\\/\\\/barnafrid.se\\\/kunskapsportal\\\/?s={search_term_string}\"},\"query-input\":{\"@type\":\"PropertyValueSpecification\",\"valueRequired\":true,\"valueName\":\"search_term_string\"}}],\"inLanguage\":\"sv-SE\"}]}<\/script>\n<!-- \/ Yoast SEO plugin. -->","yoast_head_json":{"title":"Tema 4: Agera f\u00f6r barnet! Anm\u00e4l oro till socialtj\u00e4nsten och skapa trygghet f\u00f6r barnet i f\u00f6rskolan - Barnafrid","robots":{"index":"noindex","follow":"nofollow"},"og_locale":"sv_SE","og_type":"article","og_title":"Tema 4: Agera f\u00f6r barnet! Anm\u00e4l oro till socialtj\u00e4nsten och skapa trygghet f\u00f6r barnet i f\u00f6rskolan - Barnafrid","og_description":"Syftet med det fj\u00e4rde temat \u00e4r att du och dina kollegor ska f\u00e5 \u00f6kad kunskap och kompetens om hur ni i era roller som pedagoger ska agera n\u00e4r det finns misstanke eller k\u00e4nnedom om att ett barn kan vara utsatt f\u00f6r v\u00e5ld. I temat kommer dina kollegor att f\u00e5 kunskap om hur en orosanm\u00e4lan till [&hellip;]","og_url":"https:\/\/barnafrid.se\/kunskapsportal\/startsida\/barnafrids-utbildningar\/basprogram-om-vald-mot-barn-och-unga-gruppspar-forskola-2\/gruppspar-forskola\/tema-4-vad-ska-ni-gora-nar-och-hur-ska-ni-gora-en-anmalan-till-socialtjanst\/","og_site_name":"Barnafrid","article_modified_time":"2024-05-20T09:16:51+00:00","twitter_card":"summary_large_image","twitter_misc":{"Ber\u00e4knad l\u00e4stid":"1 minut"},"schema":{"@context":"https:\/\/schema.org","@graph":[{"@type":"WebPage","@id":"https:\/\/barnafrid.se\/kunskapsportal\/startsida\/barnafrids-utbildningar\/basprogram-om-vald-mot-barn-och-unga-gruppspar-forskola-2\/gruppspar-forskola\/tema-4-vad-ska-ni-gora-nar-och-hur-ska-ni-gora-en-anmalan-till-socialtjanst\/","url":"https:\/\/barnafrid.se\/kunskapsportal\/startsida\/barnafrids-utbildningar\/basprogram-om-vald-mot-barn-och-unga-gruppspar-forskola-2\/gruppspar-forskola\/tema-4-vad-ska-ni-gora-nar-och-hur-ska-ni-gora-en-anmalan-till-socialtjanst\/","name":"Tema 4: Agera f\u00f6r barnet! Anm\u00e4l oro till socialtj\u00e4nsten och skapa trygghet f\u00f6r barnet i f\u00f6rskolan - Barnafrid","isPartOf":{"@id":"https:\/\/barnafrid.se\/kunskapsportal\/#website"},"datePublished":"2024-03-19T08:49:02+00:00","dateModified":"2024-05-20T09:16:51+00:00","breadcrumb":{"@id":"https:\/\/barnafrid.se\/kunskapsportal\/startsida\/barnafrids-utbildningar\/basprogram-om-vald-mot-barn-och-unga-gruppspar-forskola-2\/gruppspar-forskola\/tema-4-vad-ska-ni-gora-nar-och-hur-ska-ni-gora-en-anmalan-till-socialtjanst\/#breadcrumb"},"inLanguage":"sv-SE","potentialAction":[{"@type":"ReadAction","target":["https:\/\/barnafrid.se\/kunskapsportal\/startsida\/barnafrids-utbildningar\/basprogram-om-vald-mot-barn-och-unga-gruppspar-forskola-2\/gruppspar-forskola\/tema-4-vad-ska-ni-gora-nar-och-hur-ska-ni-gora-en-anmalan-till-socialtjanst\/"]}]},{"@type":"BreadcrumbList","@id":"https:\/\/barnafrid.se\/kunskapsportal\/startsida\/barnafrids-utbildningar\/basprogram-om-vald-mot-barn-och-unga-gruppspar-forskola-2\/gruppspar-forskola\/tema-4-vad-ska-ni-gora-nar-och-hur-ska-ni-gora-en-anmalan-till-socialtjanst\/#breadcrumb","itemListElement":[{"@type":"ListItem","position":1,"name":"Home","item":"https:\/\/barnafrid.se\/kunskapsportal\/"},{"@type":"ListItem","position":2,"name":"Startsida","item":"https:\/\/barnafrid.se\/kunskapsportal\/"},{"@type":"ListItem","position":3,"name":"Utbildningar","item":"https:\/\/barnafrid.se\/kunskapsportal\/startsida\/barnafrids-utbildningar\/"},{"@type":"ListItem","position":4,"name":"Basprogram om v\u00e5ld mot barn och unga Gruppsp\u00e5r f\u00f6r f\u00f6rskolan","item":"https:\/\/barnafrid.se\/kunskapsportal\/startsida\/barnafrids-utbildningar\/basprogram-om-vald-mot-barn-och-unga-gruppspar-forskola-2\/"},{"@type":"ListItem","position":5,"name":"V\u00e4lkommen till utbildningen Barnafrids basprogram om v\u00e5ld mot barn och unga \u2013 gruppsp\u00e5r f\u00f6r f\u00f6rskolan","item":"https:\/\/barnafrid.se\/kunskapsportal\/startsida\/barnafrids-utbildningar\/basprogram-om-vald-mot-barn-och-unga-gruppspar-forskola-2\/gruppspar-forskola\/"},{"@type":"ListItem","position":6,"name":"Tema 4: Agera f\u00f6r barnet! Anm\u00e4l oro till socialtj\u00e4nsten och skapa trygghet f\u00f6r barnet i f\u00f6rskolan"}]},{"@type":"WebSite","@id":"https:\/\/barnafrid.se\/kunskapsportal\/#website","url":"https:\/\/barnafrid.se\/kunskapsportal\/","name":"Barnafrid","description":"Kunskapsportal om v\u00e5ld mot barn","potentialAction":[{"@type":"SearchAction","target":{"@type":"EntryPoint","urlTemplate":"https:\/\/barnafrid.se\/kunskapsportal\/?s={search_term_string}"},"query-input":{"@type":"PropertyValueSpecification","valueRequired":true,"valueName":"search_term_string"}}],"inLanguage":"sv-SE"}]}},"_links":{"self":[{"href":"https:\/\/barnafrid.se\/kunskapsportal\/wp-json\/wp\/v2\/pages\/8773","targetHints":{"allow":["GET"]}}],"collection":[{"href":"https:\/\/barnafrid.se\/kunskapsportal\/wp-json\/wp\/v2\/pages"}],"about":[{"href":"https:\/\/barnafrid.se\/kunskapsportal\/wp-json\/wp\/v2\/types\/page"}],"author":[{"embeddable":true,"href":"https:\/\/barnafrid.se\/kunskapsportal\/wp-json\/wp\/v2\/users\/10518"}],"replies":[{"embeddable":true,"href":"https:\/\/barnafrid.se\/kunskapsportal\/wp-json\/wp\/v2\/comments?post=8773"}],"version-history":[{"count":8,"href":"https:\/\/barnafrid.se\/kunskapsportal\/wp-json\/wp\/v2\/pages\/8773\/revisions"}],"predecessor-version":[{"id":9146,"href":"https:\/\/barnafrid.se\/kunskapsportal\/wp-json\/wp\/v2\/pages\/8773\/revisions\/9146"}],"up":[{"embeddable":true,"href":"https:\/\/barnafrid.se\/kunskapsportal\/wp-json\/wp\/v2\/pages\/8406"}],"wp:attachment":[{"href":"https:\/\/barnafrid.se\/kunskapsportal\/wp-json\/wp\/v2\/media?parent=8773"}],"wp:term":[{"taxonomy":"role","embeddable":true,"href":"https:\/\/barnafrid.se\/kunskapsportal\/wp-json\/wp\/v2\/role?post=8773"}],"curies":[{"name":"wp","href":"https:\/\/api.w.org\/{rel}","templated":true}]}}