{"id":8551,"date":"2024-03-18T09:46:43","date_gmt":"2024-03-18T08:46:43","guid":{"rendered":"https:\/\/barnafrid.se\/kunskapsportal\/?page_id=8551"},"modified":"2026-04-29T12:53:59","modified_gmt":"2026-04-29T10:53:59","slug":"tema-1-vad-ar-vald-mot-barn-och-barnmisshandel-2","status":"publish","type":"page","link":"https:\/\/barnafrid.se\/kunskapsportal\/startsida\/barnafrids-utbildningar\/basprogram-om-vald-mot-barn-och-unga-gruppspar-forskola-2\/gruppspar-forskola\/tema-1-vad-ar-vald-mot-barn-och-barnmisshandel-2\/","title":{"rendered":"Tema 1. Vad \u00e4r v\u00e5ld mot barn och barnmisshandel?"},"content":{"rendered":"\n<figure class=\"Image size-full is-resized\"><img loading=\"lazy\" decoding=\"async\" width=\"650\" height=\"529\" src=\"\/kunskapsportal\/wp-content\/uploads\/2019\/12\/barnafrid_image_53-1.png\" alt=\"Barn leker sittande med leksaksbilar\" class=\"Image-img wp-image-1214\" style=\"width:329px;height:auto\" srcset=\"https:\/\/barnafrid.se\/kunskapsportal\/wp-content\/uploads\/2019\/12\/barnafrid_image_53-1.png 650w, https:\/\/barnafrid.se\/kunskapsportal\/wp-content\/uploads\/2019\/12\/barnafrid_image_53-1-300x244.png 300w\" sizes=\"auto, (max-width: 650px) 100vw, 650px\" \/><\/figure>\n\n\n\n<p>Tema 1 handlar om varf\u00f6r det \u00e4r viktigt att alla som arbetar i f\u00f6rskolan har kunskap om v\u00e5ld mot barn. <\/p>\n\n\n\n<p>I tema 1 f\u00e5r du och dina kollegor<\/p>\n\n\n\n<ul class=\"List\">\n<li class=\"List-item\">kunskap om vad v\u00e5ld mot barn och barnmisshandel \u00e4r, och hur vanligt det \u00e4r<\/li>\n\n\n\n<li class=\"List-item\">kunskap om vilka olika former av v\u00e5ld som ett barn kan bli utsatt f\u00f6r<\/li>\n\n\n\n<li class=\"List-item\">kunskap om vilka konsekvenser det kan f\u00e5 f\u00f6r ett barn att bli utsatt f\u00f6r v\u00e5ld<\/li>\n\n\n\n<li class=\"List-item\">lyfta v\u00e4rderingar och synligg\u00f6ra skillnader i synen p\u00e5 v\u00e5ld<\/li>\n\n\n\n<li class=\"List-item\">diskutera om pedagogers olika syn p\u00e5 v\u00e5ld kan f\u00e5 betydelse f\u00f6r det praktiska arbetet<\/li>\n\n\n\n<li class=\"List-item\">skapa en gemensam grundsyn p\u00e5 v\u00e5ld och olika v\u00e5ldsformer.<\/li>\n<\/ul>\n\n\n\n<p>H\u00e4r finns ett f\u00f6rslag p\u00e5 hur du kan introducera hela kursen \u2013 antingen innan eller p\u00e5 f\u00f6rsta tematr\u00e4ffen.<\/p>\n\n\n\n<p><a href=\"https:\/\/barnafrid.se\/kunskapsportal\/wp-content\/uploads\/2024\/04\/introduktion-arbetsplatsutbildning-ppt.pptx\">Introduktion till hela kursen<\/a>&nbsp;(ppt)<\/p>\n\n\n\n\n<div class=\"Card-section Card-section--three \">\n\n\n    <a class=\"Card-link-container\" target=\"_blank\" href=\"https:\/\/barnafrid.se\/kunskapsportal\/startsida\/barnafrids-utbildningar\/basprogram-om-vald-mot-barn-och-unga-gruppspar-forskola-2\/gruppspar-forskola\/tema-1-vad-ar-vald-mot-barn-och-barnmisshandel-2\/tema-1-handledningsmaterial\/\">\n        <div class=\"Card Card--blue Card--internal\">\n            <p class=\"Card-pretitle\"><\/p>\n            <h2 class=\"Card-title\">Handledningsmaterial<\/h2>\n                        <div class=\"Card-footer\">\n                <span class=\"Card-footer-text\">G\u00e5 till handledningsmaterialet f\u00f6r tema 1.<\/span>\n                            <\/div>\n        <\/div>\n    <\/a>\n    <a class=\"Card-link-container\" target=\"_blank\" href=\"https:\/\/barnafrid.se\/kunskapsportal\/startsida\/barnafrids-utbildningar\/basprogram-om-vald-mot-barn-och-unga-gruppspar-forskola-2\/gruppspar-forskola\/tema-1-vad-ar-vald-mot-barn-och-barnmisshandel-2\/tema-1-ovningsmaterial\/\">\n        <div class=\"Card Card--aquamarine Card--internal\">\n            <p class=\"Card-pretitle\"><\/p>\n            <h2 class=\"Card-title\">\u00d6vningsmaterial<\/h2>\n                        <div class=\"Card-footer\">\n                <span class=\"Card-footer-text\">G\u00e5 till \u00f6vningsmaterialet f\u00f6r tema 1.<\/span>\n                            <\/div>\n        <\/div>\n    <\/a>\n    <a class=\"Card-link-container\" target=\"_blank\" href=\"https:\/\/barnafrid.se\/kunskapsportal\/startsida\/barnafrids-utbildningar\/basprogram-om-vald-mot-barn-och-unga-gruppspar-forskola-2\/gruppspar-forskola\/tema-1-vad-ar-vald-mot-barn-och-barnmisshandel-2\/tema-2-scenarioovning\/\">\n        <div class=\"Card Card--purple Card--internal\">\n            <p class=\"Card-pretitle\"><\/p>\n            <h2 class=\"Card-title\">Scenario\u00f6vning<\/h2>\n                        <div class=\"Card-footer\">\n                <span class=\"Card-footer-text\">G\u00e5 till scenario\u00f6vningen f\u00f6r tema 1. <\/span>\n                            <\/div>\n        <\/div>\n    <\/a>\n<\/div>\n\n\n\n<p><a href=\"https:\/\/barnafrid.se\/kunskapsportal\/startsida\/barnafrids-utbildningar\/basprogram-om-vald-mot-barn-och-unga-gruppspar-forskola-2\/gruppspar-forskola\/\">Tillbaka till start &gt;&gt;<\/a><\/p>\n","protected":false},"excerpt":{"rendered":"<p>Tema 1 handlar om varf\u00f6r det \u00e4r viktigt att alla som arbetar i f\u00f6rskolan har kunskap om v\u00e5ld mot barn. I tema 1 f\u00e5r du och dina kollegor H\u00e4r finns ett f\u00f6rslag p\u00e5 hur du kan introducera hela kursen \u2013 antingen innan eller p\u00e5 f\u00f6rsta tematr\u00e4ffen. Introduktion till hela kursen&nbsp;(ppt) Tillbaka till start &gt;&gt;<\/p>\n","protected":false},"author":10518,"featured_media":0,"parent":8406,"menu_order":0,"comment_status":"closed","ping_status":"closed","template":"page-centered.php","meta":{"h5ap_radio_sources":[],"footnotes":""},"role":[],"class_list":["post-8551","page","type-page","status-publish","hentry"],"yoast_head":"<!-- This site is optimized with the Yoast SEO plugin v27.5 - https:\/\/yoast.com\/product\/yoast-seo-wordpress\/ -->\n<title>Tema 1. Vad \u00e4r v\u00e5ld mot barn och barnmisshandel? - Barnafrid<\/title>\n<meta name=\"robots\" content=\"noindex, nofollow\" \/>\n<meta property=\"og:locale\" content=\"sv_SE\" \/>\n<meta property=\"og:type\" content=\"article\" \/>\n<meta property=\"og:title\" content=\"Tema 1. Vad \u00e4r v\u00e5ld mot barn och barnmisshandel? - Barnafrid\" \/>\n<meta property=\"og:description\" content=\"Tema 1 handlar om varf\u00f6r det \u00e4r viktigt att alla som arbetar i f\u00f6rskolan har kunskap om v\u00e5ld mot barn. I tema 1 f\u00e5r du och dina kollegor H\u00e4r finns ett f\u00f6rslag p\u00e5 hur du kan introducera hela kursen \u2013 antingen innan eller p\u00e5 f\u00f6rsta tematr\u00e4ffen. Introduktion till hela kursen&nbsp;(ppt) Tillbaka till start &gt;&gt;\" \/>\n<meta property=\"og:url\" content=\"https:\/\/barnafrid.se\/kunskapsportal\/startsida\/barnafrids-utbildningar\/basprogram-om-vald-mot-barn-och-unga-gruppspar-forskola-2\/gruppspar-forskola\/tema-1-vad-ar-vald-mot-barn-och-barnmisshandel-2\/\" \/>\n<meta property=\"og:site_name\" content=\"Barnafrid\" \/>\n<meta property=\"article:modified_time\" content=\"2026-04-29T10:53:59+00:00\" \/>\n<meta name=\"twitter:card\" content=\"summary_large_image\" \/>\n<meta name=\"twitter:label1\" content=\"Ber\u00e4knad l\u00e4stid\" \/>\n\t<meta name=\"twitter:data1\" content=\"1 minut\" \/>\n<script type=\"application\/ld+json\" class=\"yoast-schema-graph\">{\"@context\":\"https:\\\/\\\/schema.org\",\"@graph\":[{\"@type\":\"WebPage\",\"@id\":\"https:\\\/\\\/barnafrid.se\\\/kunskapsportal\\\/startsida\\\/barnafrids-utbildningar\\\/basprogram-om-vald-mot-barn-och-unga-gruppspar-forskola-2\\\/gruppspar-forskola\\\/tema-1-vad-ar-vald-mot-barn-och-barnmisshandel-2\\\/\",\"url\":\"https:\\\/\\\/barnafrid.se\\\/kunskapsportal\\\/startsida\\\/barnafrids-utbildningar\\\/basprogram-om-vald-mot-barn-och-unga-gruppspar-forskola-2\\\/gruppspar-forskola\\\/tema-1-vad-ar-vald-mot-barn-och-barnmisshandel-2\\\/\",\"name\":\"Tema 1. Vad \u00e4r v\u00e5ld mot barn och barnmisshandel? - Barnafrid\",\"isPartOf\":{\"@id\":\"https:\\\/\\\/barnafrid.se\\\/kunskapsportal\\\/#website\"},\"datePublished\":\"2024-03-18T08:46:43+00:00\",\"dateModified\":\"2026-04-29T10:53:59+00:00\",\"breadcrumb\":{\"@id\":\"https:\\\/\\\/barnafrid.se\\\/kunskapsportal\\\/startsida\\\/barnafrids-utbildningar\\\/basprogram-om-vald-mot-barn-och-unga-gruppspar-forskola-2\\\/gruppspar-forskola\\\/tema-1-vad-ar-vald-mot-barn-och-barnmisshandel-2\\\/#breadcrumb\"},\"inLanguage\":\"sv-SE\",\"potentialAction\":[{\"@type\":\"ReadAction\",\"target\":[\"https:\\\/\\\/barnafrid.se\\\/kunskapsportal\\\/startsida\\\/barnafrids-utbildningar\\\/basprogram-om-vald-mot-barn-och-unga-gruppspar-forskola-2\\\/gruppspar-forskola\\\/tema-1-vad-ar-vald-mot-barn-och-barnmisshandel-2\\\/\"]}]},{\"@type\":\"BreadcrumbList\",\"@id\":\"https:\\\/\\\/barnafrid.se\\\/kunskapsportal\\\/startsida\\\/barnafrids-utbildningar\\\/basprogram-om-vald-mot-barn-och-unga-gruppspar-forskola-2\\\/gruppspar-forskola\\\/tema-1-vad-ar-vald-mot-barn-och-barnmisshandel-2\\\/#breadcrumb\",\"itemListElement\":[{\"@type\":\"ListItem\",\"position\":1,\"name\":\"Home\",\"item\":\"https:\\\/\\\/barnafrid.se\\\/kunskapsportal\\\/\"},{\"@type\":\"ListItem\",\"position\":2,\"name\":\"Startsida\",\"item\":\"https:\\\/\\\/barnafrid.se\\\/kunskapsportal\\\/\"},{\"@type\":\"ListItem\",\"position\":3,\"name\":\"Utbildningar\",\"item\":\"https:\\\/\\\/barnafrid.se\\\/kunskapsportal\\\/startsida\\\/barnafrids-utbildningar\\\/\"},{\"@type\":\"ListItem\",\"position\":4,\"name\":\"Basprogram om v\u00e5ld mot barn och unga Gruppsp\u00e5r f\u00f6r f\u00f6rskolan\",\"item\":\"https:\\\/\\\/barnafrid.se\\\/kunskapsportal\\\/startsida\\\/barnafrids-utbildningar\\\/basprogram-om-vald-mot-barn-och-unga-gruppspar-forskola-2\\\/\"},{\"@type\":\"ListItem\",\"position\":5,\"name\":\"V\u00e4lkommen till utbildningen Barnafrids basprogram om v\u00e5ld mot barn och unga \u2013 gruppsp\u00e5r f\u00f6r f\u00f6rskolan\",\"item\":\"https:\\\/\\\/barnafrid.se\\\/kunskapsportal\\\/startsida\\\/barnafrids-utbildningar\\\/basprogram-om-vald-mot-barn-och-unga-gruppspar-forskola-2\\\/gruppspar-forskola\\\/\"},{\"@type\":\"ListItem\",\"position\":6,\"name\":\"Tema 1. Vad \u00e4r v\u00e5ld mot barn och barnmisshandel?\"}]},{\"@type\":\"WebSite\",\"@id\":\"https:\\\/\\\/barnafrid.se\\\/kunskapsportal\\\/#website\",\"url\":\"https:\\\/\\\/barnafrid.se\\\/kunskapsportal\\\/\",\"name\":\"Barnafrid\",\"description\":\"Kunskapsportal om v\u00e5ld mot barn\",\"potentialAction\":[{\"@type\":\"SearchAction\",\"target\":{\"@type\":\"EntryPoint\",\"urlTemplate\":\"https:\\\/\\\/barnafrid.se\\\/kunskapsportal\\\/?s={search_term_string}\"},\"query-input\":{\"@type\":\"PropertyValueSpecification\",\"valueRequired\":true,\"valueName\":\"search_term_string\"}}],\"inLanguage\":\"sv-SE\"}]}<\/script>\n<!-- \/ Yoast SEO plugin. -->","yoast_head_json":{"title":"Tema 1. Vad \u00e4r v\u00e5ld mot barn och barnmisshandel? - Barnafrid","robots":{"index":"noindex","follow":"nofollow"},"og_locale":"sv_SE","og_type":"article","og_title":"Tema 1. Vad \u00e4r v\u00e5ld mot barn och barnmisshandel? - Barnafrid","og_description":"Tema 1 handlar om varf\u00f6r det \u00e4r viktigt att alla som arbetar i f\u00f6rskolan har kunskap om v\u00e5ld mot barn. I tema 1 f\u00e5r du och dina kollegor H\u00e4r finns ett f\u00f6rslag p\u00e5 hur du kan introducera hela kursen \u2013 antingen innan eller p\u00e5 f\u00f6rsta tematr\u00e4ffen. Introduktion till hela kursen&nbsp;(ppt) Tillbaka till start &gt;&gt;","og_url":"https:\/\/barnafrid.se\/kunskapsportal\/startsida\/barnafrids-utbildningar\/basprogram-om-vald-mot-barn-och-unga-gruppspar-forskola-2\/gruppspar-forskola\/tema-1-vad-ar-vald-mot-barn-och-barnmisshandel-2\/","og_site_name":"Barnafrid","article_modified_time":"2026-04-29T10:53:59+00:00","twitter_card":"summary_large_image","twitter_misc":{"Ber\u00e4knad l\u00e4stid":"1 minut"},"schema":{"@context":"https:\/\/schema.org","@graph":[{"@type":"WebPage","@id":"https:\/\/barnafrid.se\/kunskapsportal\/startsida\/barnafrids-utbildningar\/basprogram-om-vald-mot-barn-och-unga-gruppspar-forskola-2\/gruppspar-forskola\/tema-1-vad-ar-vald-mot-barn-och-barnmisshandel-2\/","url":"https:\/\/barnafrid.se\/kunskapsportal\/startsida\/barnafrids-utbildningar\/basprogram-om-vald-mot-barn-och-unga-gruppspar-forskola-2\/gruppspar-forskola\/tema-1-vad-ar-vald-mot-barn-och-barnmisshandel-2\/","name":"Tema 1. Vad \u00e4r v\u00e5ld mot barn och barnmisshandel? - Barnafrid","isPartOf":{"@id":"https:\/\/barnafrid.se\/kunskapsportal\/#website"},"datePublished":"2024-03-18T08:46:43+00:00","dateModified":"2026-04-29T10:53:59+00:00","breadcrumb":{"@id":"https:\/\/barnafrid.se\/kunskapsportal\/startsida\/barnafrids-utbildningar\/basprogram-om-vald-mot-barn-och-unga-gruppspar-forskola-2\/gruppspar-forskola\/tema-1-vad-ar-vald-mot-barn-och-barnmisshandel-2\/#breadcrumb"},"inLanguage":"sv-SE","potentialAction":[{"@type":"ReadAction","target":["https:\/\/barnafrid.se\/kunskapsportal\/startsida\/barnafrids-utbildningar\/basprogram-om-vald-mot-barn-och-unga-gruppspar-forskola-2\/gruppspar-forskola\/tema-1-vad-ar-vald-mot-barn-och-barnmisshandel-2\/"]}]},{"@type":"BreadcrumbList","@id":"https:\/\/barnafrid.se\/kunskapsportal\/startsida\/barnafrids-utbildningar\/basprogram-om-vald-mot-barn-och-unga-gruppspar-forskola-2\/gruppspar-forskola\/tema-1-vad-ar-vald-mot-barn-och-barnmisshandel-2\/#breadcrumb","itemListElement":[{"@type":"ListItem","position":1,"name":"Home","item":"https:\/\/barnafrid.se\/kunskapsportal\/"},{"@type":"ListItem","position":2,"name":"Startsida","item":"https:\/\/barnafrid.se\/kunskapsportal\/"},{"@type":"ListItem","position":3,"name":"Utbildningar","item":"https:\/\/barnafrid.se\/kunskapsportal\/startsida\/barnafrids-utbildningar\/"},{"@type":"ListItem","position":4,"name":"Basprogram om v\u00e5ld mot barn och unga Gruppsp\u00e5r f\u00f6r f\u00f6rskolan","item":"https:\/\/barnafrid.se\/kunskapsportal\/startsida\/barnafrids-utbildningar\/basprogram-om-vald-mot-barn-och-unga-gruppspar-forskola-2\/"},{"@type":"ListItem","position":5,"name":"V\u00e4lkommen till utbildningen Barnafrids basprogram om v\u00e5ld mot barn och unga \u2013 gruppsp\u00e5r f\u00f6r f\u00f6rskolan","item":"https:\/\/barnafrid.se\/kunskapsportal\/startsida\/barnafrids-utbildningar\/basprogram-om-vald-mot-barn-och-unga-gruppspar-forskola-2\/gruppspar-forskola\/"},{"@type":"ListItem","position":6,"name":"Tema 1. Vad \u00e4r v\u00e5ld mot barn och barnmisshandel?"}]},{"@type":"WebSite","@id":"https:\/\/barnafrid.se\/kunskapsportal\/#website","url":"https:\/\/barnafrid.se\/kunskapsportal\/","name":"Barnafrid","description":"Kunskapsportal om v\u00e5ld mot barn","potentialAction":[{"@type":"SearchAction","target":{"@type":"EntryPoint","urlTemplate":"https:\/\/barnafrid.se\/kunskapsportal\/?s={search_term_string}"},"query-input":{"@type":"PropertyValueSpecification","valueRequired":true,"valueName":"search_term_string"}}],"inLanguage":"sv-SE"}]}},"_links":{"self":[{"href":"https:\/\/barnafrid.se\/kunskapsportal\/wp-json\/wp\/v2\/pages\/8551","targetHints":{"allow":["GET"]}}],"collection":[{"href":"https:\/\/barnafrid.se\/kunskapsportal\/wp-json\/wp\/v2\/pages"}],"about":[{"href":"https:\/\/barnafrid.se\/kunskapsportal\/wp-json\/wp\/v2\/types\/page"}],"author":[{"embeddable":true,"href":"https:\/\/barnafrid.se\/kunskapsportal\/wp-json\/wp\/v2\/users\/10518"}],"replies":[{"embeddable":true,"href":"https:\/\/barnafrid.se\/kunskapsportal\/wp-json\/wp\/v2\/comments?post=8551"}],"version-history":[{"count":21,"href":"https:\/\/barnafrid.se\/kunskapsportal\/wp-json\/wp\/v2\/pages\/8551\/revisions"}],"predecessor-version":[{"id":18437,"href":"https:\/\/barnafrid.se\/kunskapsportal\/wp-json\/wp\/v2\/pages\/8551\/revisions\/18437"}],"up":[{"embeddable":true,"href":"https:\/\/barnafrid.se\/kunskapsportal\/wp-json\/wp\/v2\/pages\/8406"}],"wp:attachment":[{"href":"https:\/\/barnafrid.se\/kunskapsportal\/wp-json\/wp\/v2\/media?parent=8551"}],"wp:term":[{"taxonomy":"role","embeddable":true,"href":"https:\/\/barnafrid.se\/kunskapsportal\/wp-json\/wp\/v2\/role?post=8551"}],"curies":[{"name":"wp","href":"https:\/\/api.w.org\/{rel}","templated":true}]}}