{"id":8406,"date":"2024-03-18T11:01:32","date_gmt":"2024-03-18T10:01:32","guid":{"rendered":"https:\/\/barnafrid.se\/kunskapsportal\/?page_id=8406"},"modified":"2026-04-24T11:23:07","modified_gmt":"2026-04-24T09:23:07","slug":"gruppspar-forskola","status":"publish","type":"page","link":"https:\/\/barnafrid.se\/kunskapsportal\/startsida\/barnafrids-utbildningar\/basprogram-om-vald-mot-barn-och-unga-gruppspar-forskola-2\/gruppspar-forskola\/","title":{"rendered":"V\u00e4lkommen till utbildningen Barnafrids basprogram om v\u00e5ld mot barn och unga \u2013 gruppsp\u00e5r f\u00f6r f\u00f6rskolan"},"content":{"rendered":"\n<p>Det h\u00e4r \u00e4r en arbetsplatsutbildning f\u00f6r arbetslag p\u00e5 f\u00f6rskolor som vill g\u00f6ra ett gemensamt kunskapslyft n\u00e4r det g\u00e4ller att uppt\u00e4cka, bem\u00f6ta och anm\u00e4la v\u00e5ld mot barn. Utbildningen \u00e4r en praktiskt orienterad version av Barnafrids basprogram om v\u00e5ld mot barn. Den best\u00e5r av ett kostnadsfritt utbildningsmaterial som \u00e4r inriktat p\u00e5 fr\u00e5gor som ber\u00f6r f\u00f6rskolan. <\/p>\n\n\n\n<p>En stor del av l\u00e4randet bygger p\u00e5 att arbetslaget diskuterar och reflekterar tillsammans, med hj\u00e4lp av en utbildningsledare. Utbildningsledaren kan vara en medarbetare i det gemensamma arbetslaget eller n\u00e5gon annan som arbetar i verksamheten.<\/p>\n\n\n\n<p>Utbildningen \u00e4r uppdelad i fyra grundteman och tre f\u00f6rdjupningsteman. Temana inneh\u00e5ller bland annat en handledning f\u00f6r temat, korta faktatexter, filmer och \u00f6vningsuppgifter. F\u00f6rdjupningstemat fr\u00e5n Brottsoffermyndighetens \u201dLiten och trygg\u201d skiljer sig fr\u00e5n \u00f6vriga teman och \u00e4r ett handledningsmaterial med pedagogiska \u00f6vningar att anv\u00e4nda tillsammans med barnen.<\/p>\n\n\n\n<p>I utbildningsmaterialet finns en skriftlig v\u00e4gledning som st\u00f6d till utbildningsledaren. Den kan anv\u00e4ndas f\u00f6r att planera och f\u00f6rbereda, och f\u00f6r att genomf\u00f6ra utbildningen. V\u00e4gledningen \u00e4r ett f\u00f6rslag p\u00e5 hur utbildningen kan utformas, men kursmaterialet kan anv\u00e4ndas p\u00e5 en massa olika s\u00e4tt. Det \u00e4r den egna verksamhetens behov och f\u00f6ruts\u00e4ttningar som styr uppl\u00e4gg och val av material.<\/p>\n\n\n\n<p>Se filmerna fr\u00e5n f\u00f6rskoleverksamheten i Haninge<\/p>\n\n\n\n<ul class=\"List\">\n<li class=\"List-item\"><a href=\"https:\/\/vimeo.com\/932377004\/50a4b3b409?share=copy\" target=\"_blank\" rel=\"noreferrer noopener nofollow\">Pedagogen ber\u00e4ttar <\/a><\/li>\n\n\n\n<li class=\"List-item\"><a href=\"https:\/\/vimeo.com\/933316601\/e875b06f78?share=copy\" target=\"_blank\" rel=\"noreferrer noopener nofollow\">Utbildningsledare ber\u00e4ttar<\/a><\/li>\n\n\n\n<li class=\"List-item\"><a href=\"https:\/\/vimeo.com\/933316231\/9b8dca72c4?share=copy\" target=\"_blank\" rel=\"noreferrer noopener\">Rektorn ber\u00e4ttar<\/a><\/li>\n\n\n\n<li class=\"List-item\"><a href=\"https:\/\/vimeo.com\/933313105\/ad05da84fd?share=copy\" target=\"_blank\" rel=\"noreferrer noopener nofollow\">Ledningen ber\u00e4ttar<\/a><\/li>\n<\/ul>\n\n\n<section class=\"Accordion Accordion--closed\" data-state=\"closed\">\n      <a href=\"#handledning-for-dig-som-kursledare-content\" class=\"Accordion-toggle js-accordion\">\n        <h2 class=\"Accordion-title\" id=\"handledning-for-dig-som-kursledare\">\n          Handledning f\u00f6r dig som kursledare        <\/h2>\n    <\/a>\n    <div class=\"Accordion-content\" id=\"handledning-for-dig-som-kursledare-content\">\n        \n\n<p>H\u00e4r hittar du en v\u00e4gledning f\u00f6r dig som kursledare.<\/p>\n\n\n\n<ul class=\"List\">\n<li class=\"List-item\"><a href=\"\/kunskapsportal\/wp-content\/uploads\/2026\/03\/handledning-gruppspar-forskola-2026.pdf\">Handledning<\/a>&nbsp;(pdf)<\/li>\n<\/ul>\n\n    <\/div>\n<\/section>\n\n\n<section class=\"Accordion Accordion--closed\" data-state=\"closed\">\n      <a href=\"#hur-lang-tid-tar-arbetsplatsutbildningen-och-vad-kostar-den-content\" class=\"Accordion-toggle js-accordion\">\n        <h2 class=\"Accordion-title\" id=\"hur-lang-tid-tar-arbetsplatsutbildningen-och-vad-kostar-den\">\n          Hur l\u00e5ng tid tar arbetsplatsutbildningen och vad kostar den?        <\/h2>\n    <\/a>\n    <div class=\"Accordion-content\" id=\"hur-lang-tid-tar-arbetsplatsutbildningen-och-vad-kostar-den-content\">\n        \n\n<p>Utbildningen tar sammanlagt cirka&nbsp;10 timmar att genomf\u00f6ra i grupp. I det f\u00f6rslag som presenteras h\u00e4r ber\u00e4knas varje tematr\u00e4ff ta ungef\u00e4r 2&nbsp;timmar. F\u00f6r dig som leder utbildningen tillkommer cirka&nbsp;8&nbsp;timmar: 4&nbsp;timmar f\u00f6r att g\u00e5 basprogrammet och 4&nbsp;timmar f\u00f6r planering och f\u00f6rberedelse inf\u00f6r tematr\u00e4ffarna.<\/p>\n\n\n\n<p>Barnafrids utbildningsmaterial \u00e4r helt gratis.<\/p>\n\n    <\/div>\n<\/section>\n\n\n<section class=\"Accordion Accordion--closed\" data-state=\"closed\">\n      <a href=\"#lagstiftning-som-omfattar-vald-mot-barn-content\" class=\"Accordion-toggle js-accordion\">\n        <h2 class=\"Accordion-title\" id=\"lagstiftning-som-omfattar-vald-mot-barn\">\n          Lagstiftning som omfattar v\u00e5ld mot barn        <\/h2>\n    <\/a>\n    <div class=\"Accordion-content\" id=\"lagstiftning-som-omfattar-vald-mot-barn-content\">\n        \n\n<p>Det \u00e4r skollagen som reglerar f\u00f6rskolans verksamhet, men det finns flera andra lagar som omfattar v\u00e5ld mot barn och som \u00e4r viktiga att k\u00e4nna till f\u00f6r dig som \u00e4r anst\u00e4lld inom f\u00f6rskolan. F\u00f6rutom barnkonventionen \u00e4r det socialtj\u00e4nstlagen, brottsbalken, f\u00f6r\u00e4ldrabalken och offentlighets- och sekretesslagen som p\u00e5 olika s\u00e4tt kan kopplas till f\u00f6rskolans ansvar f\u00f6r barn som far illa.&nbsp;<\/p>\n\n\n\n<p><a href=\"https:\/\/barnafrid.se\/kunskapsportal\/wp-content\/uploads\/2024\/04\/lagstiftning-gruppspar.pdf\">L\u00e4s mer om de lagar som \u00e4r viktiga att k\u00e4nna till<\/a>&nbsp;(pdf)<\/p>\n\n    <\/div>\n<\/section>\n\n\n<section class=\"Accordion Accordion--closed\" data-state=\"closed\">\n      <a href=\"#barnrattsperspektivet-i-forskolan-content\" class=\"Accordion-toggle js-accordion\">\n        <h2 class=\"Accordion-title\" id=\"barnrattsperspektivet-i-forskolan\">\n          Barnr\u00e4ttsperspektivet i f\u00f6rskolan        <\/h2>\n    <\/a>\n    <div class=\"Accordion-content\" id=\"barnrattsperspektivet-i-forskolan-content\">\n        \n\n<p>Det \u00e4r personalens kompetens och kunskap om barn och barns utsatthet som st\u00e5r i fokus f\u00f6r den h\u00e4r utbildningen. Hur barnen sj\u00e4lva upplever sin utsatthet och r\u00e4tt att vara delaktiga i allt som h\u00e4nder omkring dem saknas i det h\u00e4r utbildningsmaterialet. Det finns en tanke med det. Barns r\u00e4ttigheter finns tydligt inskrivna i alla styrdokument f\u00f6r f\u00f6rskolan och \u00e4r utg\u00e5ngspunkten i basprogrammet, men den h\u00e4r utbildningen fokuserar p\u00e5 pedagogernas perspektiv och behov av st\u00f6d i arbetet med utsatta barn. Du kan l\u00e4sa mer om barnr\u00e4ttsperspektivet i Basprogrammets kapitel 1.<\/p>\n\n\n\n<p><a href=\"https:\/\/www.skolverket.se\/sok-publikationer\/publikationsserier\/rapporter\/2025\/segregation-och-likvardighet-i-forskolan\" target=\"_blank\" rel=\"noreferrer noopener nofollow\">Skolverket om likv\u00e4rdighet utifr\u00e5n ett barnr\u00e4ttsperspektiv<\/a> (extern l\u00e4nk)<\/p>\n\n    <\/div>\n<\/section>\n\n\n<section class=\"Accordion Accordion--closed\" data-state=\"closed\">\n      <a href=\"#intyg-content\" class=\"Accordion-toggle js-accordion\">\n        <h2 class=\"Accordion-title\" id=\"intyg\">\n          Intyg        <\/h2>\n    <\/a>\n    <div class=\"Accordion-content\" id=\"intyg-content\">\n        \n\n<p>H\u00e4r hittar du en redigerbar pdf f\u00f6r att ta fram ett diplom f\u00f6r dina medarbetare.<\/p>\n\n\n\n<ul class=\"List\">\n<li class=\"List-item\"><a href=\"https:\/\/barnafrid.se\/kunskapsportal\/wp-content\/uploads\/2024\/04\/intyg-basprogram-gruppspar-forskola.docx\" target=\"_blank\" rel=\"noreferrer noopener\">Diplom<\/a>&nbsp;(word)<\/li>\n<\/ul>\n\n    <\/div>\n<\/section>\n\n\n<div class='Lead'>\n    <br>Innan du p\u00e5b\u00f6rjar att utbilda <br><\/div>\n\n\n\n<p>Innan du p\u00e5b\u00f6rjar att utbilda, ber vi dig fylla i formul\u00e4ret f\u00f6r att vi ska kunna utveckla och f\u00f6rb\u00e4ttra gruppsp\u00e5r f\u00f6rskola. Tack!<\/p>\n\n\n\n<p><a href=\"https:\/\/barnafrid.se\/kunskapsportal\/innan-du-utbildar-i-gruppspar-forskola\/\" target=\"_blank\" rel=\"noreferrer noopener nofollow\">Fyll i formul\u00e4ret<\/a><\/p>\n\n\n\n\n<div class=\"Card-section Card-section--two two-thirds-card-section\">\n\n\n<a class=\"Card-link-container\" taget=\"_blank\" href=\"https:\/\/barnafrid.se\/kunskapsportal\/gruppspar-forskola\/tema-1-vad-ar-vald-mot-barn-och-barnmisshandel-2\/\">\n    <div class=\"Card Card--blue Card--internal\">\n        <div class=\"Card--start\">\n            <p class=\"Card-pretitle\">Kursledarmapp 1<\/p>\n            <h2 class=\"Card-title\">Tema 1. Vad \u00e4r v\u00e5ld mot barn och barnmisshandel?<\/h2>\n\n            <!-- T2409-20295 - added p tags around pufftext -->\n                        <div class=\"Card-footer\">\n             <span class=\"Card-footer-text\">G\u00e5 till tema 1<\/span>\n            <\/div>\n        <\/div>\n        <div class=\"Card-image-wrapper\"><div class=\"Card-image\"><img loading=\"lazy\" decoding=\"async\" width=\"650\" height=\"529\" src=\"https:\/\/barnafrid.se\/kunskapsportal\/wp-content\/uploads\/2019\/12\/barnafrid_image_53-1.png\" class=\"attachment-full size-full\" alt=\"Barn leker sittande med leksaksbilar.\" srcset=\"https:\/\/barnafrid.se\/kunskapsportal\/wp-content\/uploads\/2019\/12\/barnafrid_image_53-1.png 650w, https:\/\/barnafrid.se\/kunskapsportal\/wp-content\/uploads\/2019\/12\/barnafrid_image_53-1-300x244.png 300w\" sizes=\"auto, (max-width: 650px) 100vw, 650px\" \/><\/div><\/div>    <\/div>\n<\/a>\n<a class=\"Card-link-container\" taget=\"_blank\" href=\"https:\/\/barnafrid.se\/kunskapsportal\/startsida\/barnafrids-utbildningar\/basprogram-om-vald-mot-barn-och-unga-gruppspar-forskola-2\/gruppspar-forskola\/tema-2-hur-kan-ni-upptacka-att-ett-barn-ar-utsatt-for-vald\/\">\n    <div class=\"Card Card--aquamarine Card--internal\">\n        <div class=\"Card--start\">\n            <p class=\"Card-pretitle\">Kursledarmapp 2<\/p>\n            <h2 class=\"Card-title\">Tema 2. Hur kan ni uppt\u00e4cka att ett barn \u00e4r utsatt f\u00f6r v\u00e5ld?<\/h2>\n\n            <!-- T2409-20295 - added p tags around pufftext -->\n                        <div class=\"Card-footer\">\n             <span class=\"Card-footer-text\">G\u00e5 till tema 2<\/span>\n            <\/div>\n        <\/div>\n        <div class=\"Card-image-wrapper\"><div class=\"Card-image\"><img loading=\"lazy\" decoding=\"async\" width=\"628\" height=\"369\" src=\"https:\/\/barnafrid.se\/kunskapsportal\/wp-content\/uploads\/2019\/12\/barnafrid_image_12-1.png\" class=\"attachment-full size-full\" alt=\"R\u00f6da st\u00f6vlar\" srcset=\"https:\/\/barnafrid.se\/kunskapsportal\/wp-content\/uploads\/2019\/12\/barnafrid_image_12-1.png 628w, https:\/\/barnafrid.se\/kunskapsportal\/wp-content\/uploads\/2019\/12\/barnafrid_image_12-1-300x176.png 300w\" sizes=\"auto, (max-width: 628px) 100vw, 628px\" \/><\/div><\/div>    <\/div>\n<\/a>\n<a class=\"Card-link-container\" taget=\"_blank\" href=\"https:\/\/barnafrid.se\/kunskapsportal\/startsida\/barnafrids-utbildningar\/basprogram-om-vald-mot-barn-och-unga-gruppspar-forskola-2\/gruppspar-forskola\/tema-3-hur-ska-ni-bemota-och-fraga-ett-barn-som-ni-misstanker-ar-utsatt-for-vald\/\">\n    <div class=\"Card Card--purple Card--internal\">\n        <div class=\"Card--start\">\n            <p class=\"Card-pretitle\">Kursledarmapp 3<\/p>\n            <h2 class=\"Card-title\">Tema 3: Hur ska ni bem\u00f6ta och fr\u00e5ga ett barn som ni misst\u00e4nker \u00e4r utsatt f\u00f6r v\u00e5ld?<\/h2>\n\n            <!-- T2409-20295 - added p tags around pufftext -->\n                        <div class=\"Card-footer\">\n             <span class=\"Card-footer-text\">G\u00e5 till tema 3<\/span>\n            <\/div>\n        <\/div>\n        <div class=\"Card-image-wrapper\"><div class=\"Card-image\"><img loading=\"lazy\" decoding=\"async\" width=\"650\" height=\"305\" src=\"https:\/\/barnafrid.se\/kunskapsportal\/wp-content\/uploads\/2019\/12\/barnafrid_image_32-1.png\" class=\"attachment-full size-full\" alt=\"Tv\u00e5 nallebj\u00f6rnar, en sitter och en ligger p\u00e5 rygg.\" srcset=\"https:\/\/barnafrid.se\/kunskapsportal\/wp-content\/uploads\/2019\/12\/barnafrid_image_32-1.png 650w, https:\/\/barnafrid.se\/kunskapsportal\/wp-content\/uploads\/2019\/12\/barnafrid_image_32-1-300x141.png 300w\" sizes=\"auto, (max-width: 650px) 100vw, 650px\" \/><\/div><\/div>    <\/div>\n<\/a>\n<a class=\"Card-link-container\" taget=\"_blank\" href=\"https:\/\/barnafrid.se\/kunskapsportal\/startsida\/barnafrids-utbildningar\/basprogram-om-vald-mot-barn-och-unga-gruppspar-forskola-2\/gruppspar-forskola\/tema-4-vad-ska-ni-gora-nar-och-hur-ska-ni-gora-en-anmalan-till-socialtjanst\/\">\n    <div class=\"Card Card--salmon Card--internal\">\n        <div class=\"Card--start\">\n            <p class=\"Card-pretitle\">Kursledarmapp 4<\/p>\n            <h2 class=\"Card-title\">Tema 4: Agera f\u00f6r barnet!  Anm\u00e4l oro till socialtj\u00e4nsten och skapa trygghet f\u00f6r barnet i f\u00f6rskolan<\/h2>\n\n            <!-- T2409-20295 - added p tags around pufftext -->\n                        <div class=\"Card-footer\">\n             <span class=\"Card-footer-text\">G\u00e5 till tema 4<\/span>\n            <\/div>\n        <\/div>\n        <div class=\"Card-image-wrapper\"><div class=\"Card-image\"><img loading=\"lazy\" decoding=\"async\" width=\"650\" height=\"283\" src=\"https:\/\/barnafrid.se\/kunskapsportal\/wp-content\/uploads\/2020\/06\/barnafrid_image_52.png\" class=\"attachment-full size-full\" alt=\"\" srcset=\"https:\/\/barnafrid.se\/kunskapsportal\/wp-content\/uploads\/2020\/06\/barnafrid_image_52.png 650w, https:\/\/barnafrid.se\/kunskapsportal\/wp-content\/uploads\/2020\/06\/barnafrid_image_52-300x131.png 300w\" sizes=\"auto, (max-width: 650px) 100vw, 650px\" \/><\/div><\/div>    <\/div>\n<\/a>\n<\/div>\n\n\n\n<h2 class=\"wp-block-heading\">F\u00f6rdjupningsteman<\/h2>\n\n\n\n\n<div class=\"Card-section Card-section--three \">\n\n\n    <a class=\"Card-link-container\" target=\"_blank\" href=\"https:\/\/barnafrid.se\/kunskapsportal\/startsida\/barnafrids-utbildningar\/basprogram-om-vald-mot-barn-och-unga-gruppspar-forskola-2\/gruppspar-forskola\/fordjupningstema-krankningar-och-mobbning\/\">\n        <div class=\"Card Card--blue Card--internal\">\n            <p class=\"Card-pretitle\"><\/p>\n            <h2 class=\"Card-title\">N\u00e4r barn far illa, kr\u00e4nkningar och mobbning p\u00e5 f\u00f6rskolan<\/h2>\n                        <div class=\"Card-footer\">\n                <span class=\"Card-footer-text\">G\u00e5 till f\u00f6rdjupningstema om v\u00e5ld, kr\u00e4nkningar och mobbning<\/span>\n                <div class=\"Card-image\"><img loading=\"lazy\" decoding=\"async\" width=\"650\" height=\"640\" src=\"https:\/\/barnafrid.se\/kunskapsportal\/wp-content\/uploads\/2024\/06\/image-1.png\" class=\"attachment-full size-full\" alt=\"Flicka skriver n\u00e5got.\" srcset=\"https:\/\/barnafrid.se\/kunskapsportal\/wp-content\/uploads\/2024\/06\/image-1.png 650w, https:\/\/barnafrid.se\/kunskapsportal\/wp-content\/uploads\/2024\/06\/image-1-300x295.png 300w\" sizes=\"auto, (max-width: 650px) 100vw, 650px\" \/><\/div>            <\/div>\n        <\/div>\n    <\/a>\n    <a class=\"Card-link-container\" target=\"_blank\" href=\"https:\/\/barnafrid.se\/kunskapsportal\/fordjupningstema-heder\/\">\n        <div class=\"Card Card--white Card--internal\">\n            <p class=\"Card-pretitle\"><\/p>\n            <h2 class=\"Card-title\">Uppt\u00e4ck och motverka hedersrelaterat v\u00e5ld och f\u00f6rtryck i f\u00f6rskolan<\/h2>\n                        <div class=\"Card-footer\">\n                <span class=\"Card-footer-text\">G\u00e5 till f\u00f6rdjupningstema om hedersrelaterat v\u00e5ld och f\u00f6rtryck<\/span>\n                <div class=\"Card-image\"><img loading=\"lazy\" decoding=\"async\" width=\"650\" height=\"712\" src=\"https:\/\/barnafrid.se\/kunskapsportal\/wp-content\/uploads\/2019\/12\/barnafrid_image_30.png\" class=\"attachment-full size-full\" alt=\"Illustration barns ansikte med f\u00e4rgmoln framf\u00f6r munnen.\" srcset=\"https:\/\/barnafrid.se\/kunskapsportal\/wp-content\/uploads\/2019\/12\/barnafrid_image_30.png 650w, https:\/\/barnafrid.se\/kunskapsportal\/wp-content\/uploads\/2019\/12\/barnafrid_image_30-274x300.png 274w\" sizes=\"auto, (max-width: 650px) 100vw, 650px\" \/><\/div>            <\/div>\n        <\/div>\n    <\/a>\n    <a class=\"Card-link-container\" target=\"_blank\" href=\"https:\/\/www.jagvillveta.se\/liten-och-trygg\/pedagogisk-del\/\">\n        <div class=\"Card Card--aquamarine Card--internal\">\n            <p class=\"Card-pretitle\"><\/p>\n            <h2 class=\"Card-title\">Liten och trygg<\/h2>\n            <p>H\u00e4r hittar du pedagogiska \u00f6vningar om k\u00e4nslor och r\u00e4ttigheter, att anv\u00e4nda vid lek, samtal och skapande tillsammans med barnen.<\/p>            <div class=\"Card-footer\">\n                <span class=\"Card-footer-text\">G\u00e5 till Brottsoffermyndighetens webbplats<\/span>\n                <div class=\"Card-image\"><img loading=\"lazy\" decoding=\"async\" width=\"840\" height=\"545\" src=\"https:\/\/barnafrid.se\/kunskapsportal\/wp-content\/uploads\/2024\/10\/bild-liten.png\" class=\"attachment-full size-full\" alt=\"Tre figurer sitter runt ett bord och ritar.\" srcset=\"https:\/\/barnafrid.se\/kunskapsportal\/wp-content\/uploads\/2024\/10\/bild-liten.png 840w, https:\/\/barnafrid.se\/kunskapsportal\/wp-content\/uploads\/2024\/10\/bild-liten-300x195.png 300w, https:\/\/barnafrid.se\/kunskapsportal\/wp-content\/uploads\/2024\/10\/bild-liten-768x498.png 768w\" sizes=\"auto, (max-width: 840px) 100vw, 840px\" \/><\/div>            <\/div>\n        <\/div>\n    <\/a>\n<\/div>\n\n\n\n<h2 class=\"wp-block-heading\">\u00d6vrigt gruppsp\u00e5r f\u00f6rskola<\/h2>\n\n\n\n\n<div class=\"Card-section Card-section--three \">\n\n\n    <a class=\"Card-link-container\" target=\"_blank\" href=\"https:\/\/www.lyyti.fi\/reg\/16juni_lansering\">\n        <div class=\"Card Card--aquamarine Card--internal\">\n            <p class=\"Card-pretitle\">Nytt f\u00f6rdjupningstema v\u00e5ren 2026<\/p>\n            <h2 class=\"Card-title\">V\u00e4lkommen p\u00e5 lansering tisdag 16 juni!<\/h2>\n            <p>Medarbetare fr\u00e5n f\u00f6rskolan ber\u00e4ttar hur de anv\u00e4nder det nya f\u00f6rdjupningsmaterialet i sitt arbete f\u00f6r att bli b\u00e4ttre p\u00e5 att uppt\u00e4cka och agera n\u00e4r barn riskerar att uts\u00e4ttas f\u00f6r hedersf\u00f6rtryck.<\/p>            <div class=\"Card-footer\">\n                <span class=\"Card-footer-text\">Anm\u00e4l dig h\u00e4r<\/span>\n                <div class=\"Card-image\"><img loading=\"lazy\" decoding=\"async\" width=\"614\" height=\"499\" src=\"https:\/\/barnafrid.se\/kunskapsportal\/wp-content\/uploads\/2019\/12\/bird_done.png\" class=\"attachment-full size-full\" alt=\"Illustration av \u00f6ppen hand som sl\u00e4pper iv\u00e4g en f\u00e5gel som flyger\" srcset=\"https:\/\/barnafrid.se\/kunskapsportal\/wp-content\/uploads\/2019\/12\/bird_done.png 614w, https:\/\/barnafrid.se\/kunskapsportal\/wp-content\/uploads\/2019\/12\/bird_done-300x244.png 300w\" sizes=\"auto, (max-width: 614px) 100vw, 614px\" \/><\/div>            <\/div>\n        <\/div>\n    <\/a>\n    <a class=\"Card-link-container\" target=\"_blank\" href=\"https:\/\/barnafrid.se\/kunskapsportal\/startsida\/barnafrids-utbildningar\/basprogram-om-vald-mot-barn-och-unga-gruppspar-forskola-2\/gruppspar-forskola\/utvardering\/\">\n        <div class=\"Card Card--white Card--internal\">\n            <p class=\"Card-pretitle\">Utv\u00e4rdera arbetet<\/p>\n            <h2 class=\"Card-title\">G\u00f6r utv\u00e4rderingar f\u00f6re och efter utbildningen<\/h2>\n                        <div class=\"Card-footer\">\n                <span class=\"Card-footer-text\">G\u00e5 till utv\u00e4rderingarna<\/span>\n                            <\/div>\n        <\/div>\n    <\/a>\n    <a class=\"Card-link-container\" target=\"_blank\" href=\"https:\/\/barnafrid.se\/kunskapsportal\/startsida\/barnafrids-utbildningar\/basprogram-om-vald-mot-barn-och-unga-gruppspar-forskola-2\/gruppspar-forskola\/att-vaga-se-hora-och-gora\/\">\n        <div class=\"Card Card--blue Card--internal\">\n            <p class=\"Card-pretitle\">Se filmerna<\/p>\n            <h2 class=\"Card-title\">&#8221;Att v\u00e5ga, se, h\u00f6ra och g\u00f6ra n\u00e4r barn far illa&#8221; &#8211; Haninge kommun om arbetet med att ta fram den h\u00e4r utbildningen<\/h2>\n            <p>Arbetet med att ta fram utbildningen blev en del av Haninge kommuns f\u00f6rebyggande arbete f\u00f6r att uppt\u00e4cka och st\u00f6dja barn som far illa i f\u00f6rskolan.<\/p>            <div class=\"Card-footer\">\n                <span class=\"Card-footer-text\">L\u00e4s mer<\/span>\n                            <\/div>\n        <\/div>\n    <\/a>\n<\/div>\n\n\n\n<p>Den h\u00e4r utbildningen har tagits fram i samverkan mellan Haninge kommun, Brottsoffermyndigheten och Barnafrid, Link\u00f6pings universitet. Sk\u00e4rholmen Stockholm stad, Ume\u00e5 kommun och Barnafrid har tillsammans utvecklat f\u00f6rdjupningstemat om hedersrelaterat v\u00e5ld och f\u00f6rtryck.<\/p>\n","protected":false},"excerpt":{"rendered":"<p>Det h\u00e4r \u00e4r en arbetsplatsutbildning f\u00f6r arbetslag p\u00e5 f\u00f6rskolor som vill g\u00f6ra ett gemensamt kunskapslyft n\u00e4r det g\u00e4ller att uppt\u00e4cka, bem\u00f6ta och anm\u00e4la v\u00e5ld mot barn. Utbildningen \u00e4r en praktiskt orienterad version av Barnafrids basprogram om v\u00e5ld mot barn. Den best\u00e5r av ett kostnadsfritt utbildningsmaterial som \u00e4r inriktat p\u00e5 fr\u00e5gor som ber\u00f6r f\u00f6rskolan. En stor [&hellip;]<\/p>\n","protected":false},"author":10518,"featured_media":0,"parent":8474,"menu_order":0,"comment_status":"closed","ping_status":"closed","template":"page-centered.php","meta":{"h5ap_radio_sources":[],"footnotes":""},"role":[],"class_list":["post-8406","page","type-page","status-publish","hentry"],"yoast_head":"<!-- This site is optimized with the Yoast SEO plugin v27.5 - https:\/\/yoast.com\/product\/yoast-seo-wordpress\/ -->\n<title>V\u00e4lkommen till utbildningen Barnafrids basprogram om v\u00e5ld mot barn och unga \u2013 gruppsp\u00e5r f\u00f6r f\u00f6rskolan - Barnafrid<\/title>\n<meta name=\"description\" content=\"Det h\u00e4r \u00e4r en arbetsplatsutbildning f\u00f6r f\u00f6rskolan. M\u00e5let med utbildningen \u00e4r att arbetslag l\u00e4ttare ska kunna uppt\u00e4cka, bem\u00f6ta och anm\u00e4la v\u00e5ld mot barn.\" \/>\n<meta name=\"robots\" content=\"noindex, nofollow\" \/>\n<meta property=\"og:locale\" content=\"sv_SE\" \/>\n<meta property=\"og:type\" content=\"article\" \/>\n<meta property=\"og:title\" content=\"V\u00e4lkommen till utbildningen Barnafrids basprogram om v\u00e5ld mot barn och unga \u2013 gruppsp\u00e5r f\u00f6r f\u00f6rskolan - Barnafrid\" \/>\n<meta property=\"og:description\" content=\"Det h\u00e4r \u00e4r en arbetsplatsutbildning f\u00f6r f\u00f6rskolan. M\u00e5let med utbildningen \u00e4r att arbetslag l\u00e4ttare ska kunna uppt\u00e4cka, bem\u00f6ta och anm\u00e4la v\u00e5ld mot barn.\" \/>\n<meta property=\"og:url\" content=\"https:\/\/barnafrid.se\/kunskapsportal\/startsida\/barnafrids-utbildningar\/basprogram-om-vald-mot-barn-och-unga-gruppspar-forskola-2\/gruppspar-forskola\/\" \/>\n<meta property=\"og:site_name\" content=\"Barnafrid\" \/>\n<meta property=\"article:modified_time\" content=\"2026-04-24T09:23:07+00:00\" \/>\n<meta name=\"twitter:card\" content=\"summary_large_image\" \/>\n<meta name=\"twitter:label1\" content=\"Ber\u00e4knad l\u00e4stid\" \/>\n\t<meta name=\"twitter:data1\" content=\"3 minuter\" \/>\n<script type=\"application\/ld+json\" class=\"yoast-schema-graph\">{\"@context\":\"https:\\\/\\\/schema.org\",\"@graph\":[{\"@type\":\"WebPage\",\"@id\":\"https:\\\/\\\/barnafrid.se\\\/kunskapsportal\\\/startsida\\\/barnafrids-utbildningar\\\/basprogram-om-vald-mot-barn-och-unga-gruppspar-forskola-2\\\/gruppspar-forskola\\\/\",\"url\":\"https:\\\/\\\/barnafrid.se\\\/kunskapsportal\\\/startsida\\\/barnafrids-utbildningar\\\/basprogram-om-vald-mot-barn-och-unga-gruppspar-forskola-2\\\/gruppspar-forskola\\\/\",\"name\":\"V\u00e4lkommen till utbildningen Barnafrids basprogram om v\u00e5ld mot barn och unga \u2013 gruppsp\u00e5r f\u00f6r f\u00f6rskolan - Barnafrid\",\"isPartOf\":{\"@id\":\"https:\\\/\\\/barnafrid.se\\\/kunskapsportal\\\/#website\"},\"datePublished\":\"2024-03-18T10:01:32+00:00\",\"dateModified\":\"2026-04-24T09:23:07+00:00\",\"description\":\"Det h\u00e4r \u00e4r en arbetsplatsutbildning f\u00f6r f\u00f6rskolan. M\u00e5let med utbildningen \u00e4r att arbetslag l\u00e4ttare ska kunna uppt\u00e4cka, bem\u00f6ta och anm\u00e4la v\u00e5ld mot barn.\",\"breadcrumb\":{\"@id\":\"https:\\\/\\\/barnafrid.se\\\/kunskapsportal\\\/startsida\\\/barnafrids-utbildningar\\\/basprogram-om-vald-mot-barn-och-unga-gruppspar-forskola-2\\\/gruppspar-forskola\\\/#breadcrumb\"},\"inLanguage\":\"sv-SE\",\"potentialAction\":[{\"@type\":\"ReadAction\",\"target\":[\"https:\\\/\\\/barnafrid.se\\\/kunskapsportal\\\/startsida\\\/barnafrids-utbildningar\\\/basprogram-om-vald-mot-barn-och-unga-gruppspar-forskola-2\\\/gruppspar-forskola\\\/\"]}]},{\"@type\":\"BreadcrumbList\",\"@id\":\"https:\\\/\\\/barnafrid.se\\\/kunskapsportal\\\/startsida\\\/barnafrids-utbildningar\\\/basprogram-om-vald-mot-barn-och-unga-gruppspar-forskola-2\\\/gruppspar-forskola\\\/#breadcrumb\",\"itemListElement\":[{\"@type\":\"ListItem\",\"position\":1,\"name\":\"Home\",\"item\":\"https:\\\/\\\/barnafrid.se\\\/kunskapsportal\\\/\"},{\"@type\":\"ListItem\",\"position\":2,\"name\":\"Startsida\",\"item\":\"https:\\\/\\\/barnafrid.se\\\/kunskapsportal\\\/\"},{\"@type\":\"ListItem\",\"position\":3,\"name\":\"Utbildningar\",\"item\":\"https:\\\/\\\/barnafrid.se\\\/kunskapsportal\\\/startsida\\\/barnafrids-utbildningar\\\/\"},{\"@type\":\"ListItem\",\"position\":4,\"name\":\"Basprogram om v\u00e5ld mot barn och unga Gruppsp\u00e5r f\u00f6r f\u00f6rskolan\",\"item\":\"https:\\\/\\\/barnafrid.se\\\/kunskapsportal\\\/startsida\\\/barnafrids-utbildningar\\\/basprogram-om-vald-mot-barn-och-unga-gruppspar-forskola-2\\\/\"},{\"@type\":\"ListItem\",\"position\":5,\"name\":\"V\u00e4lkommen till utbildningen Barnafrids basprogram om v\u00e5ld mot barn och unga \u2013 gruppsp\u00e5r f\u00f6r f\u00f6rskolan\"}]},{\"@type\":\"WebSite\",\"@id\":\"https:\\\/\\\/barnafrid.se\\\/kunskapsportal\\\/#website\",\"url\":\"https:\\\/\\\/barnafrid.se\\\/kunskapsportal\\\/\",\"name\":\"Barnafrid\",\"description\":\"Kunskapsportal om v\u00e5ld mot barn\",\"potentialAction\":[{\"@type\":\"SearchAction\",\"target\":{\"@type\":\"EntryPoint\",\"urlTemplate\":\"https:\\\/\\\/barnafrid.se\\\/kunskapsportal\\\/?s={search_term_string}\"},\"query-input\":{\"@type\":\"PropertyValueSpecification\",\"valueRequired\":true,\"valueName\":\"search_term_string\"}}],\"inLanguage\":\"sv-SE\"}]}<\/script>\n<!-- \/ Yoast SEO plugin. -->","yoast_head_json":{"title":"V\u00e4lkommen till utbildningen Barnafrids basprogram om v\u00e5ld mot barn och unga \u2013 gruppsp\u00e5r f\u00f6r f\u00f6rskolan - Barnafrid","description":"Det h\u00e4r \u00e4r en arbetsplatsutbildning f\u00f6r f\u00f6rskolan. M\u00e5let med utbildningen \u00e4r att arbetslag l\u00e4ttare ska kunna uppt\u00e4cka, bem\u00f6ta och anm\u00e4la v\u00e5ld mot barn.","robots":{"index":"noindex","follow":"nofollow"},"og_locale":"sv_SE","og_type":"article","og_title":"V\u00e4lkommen till utbildningen Barnafrids basprogram om v\u00e5ld mot barn och unga \u2013 gruppsp\u00e5r f\u00f6r f\u00f6rskolan - Barnafrid","og_description":"Det h\u00e4r \u00e4r en arbetsplatsutbildning f\u00f6r f\u00f6rskolan. M\u00e5let med utbildningen \u00e4r att arbetslag l\u00e4ttare ska kunna uppt\u00e4cka, bem\u00f6ta och anm\u00e4la v\u00e5ld mot barn.","og_url":"https:\/\/barnafrid.se\/kunskapsportal\/startsida\/barnafrids-utbildningar\/basprogram-om-vald-mot-barn-och-unga-gruppspar-forskola-2\/gruppspar-forskola\/","og_site_name":"Barnafrid","article_modified_time":"2026-04-24T09:23:07+00:00","twitter_card":"summary_large_image","twitter_misc":{"Ber\u00e4knad l\u00e4stid":"3 minuter"},"schema":{"@context":"https:\/\/schema.org","@graph":[{"@type":"WebPage","@id":"https:\/\/barnafrid.se\/kunskapsportal\/startsida\/barnafrids-utbildningar\/basprogram-om-vald-mot-barn-och-unga-gruppspar-forskola-2\/gruppspar-forskola\/","url":"https:\/\/barnafrid.se\/kunskapsportal\/startsida\/barnafrids-utbildningar\/basprogram-om-vald-mot-barn-och-unga-gruppspar-forskola-2\/gruppspar-forskola\/","name":"V\u00e4lkommen till utbildningen Barnafrids basprogram om v\u00e5ld mot barn och unga \u2013 gruppsp\u00e5r f\u00f6r f\u00f6rskolan - Barnafrid","isPartOf":{"@id":"https:\/\/barnafrid.se\/kunskapsportal\/#website"},"datePublished":"2024-03-18T10:01:32+00:00","dateModified":"2026-04-24T09:23:07+00:00","description":"Det h\u00e4r \u00e4r en arbetsplatsutbildning f\u00f6r f\u00f6rskolan. M\u00e5let med utbildningen \u00e4r att arbetslag l\u00e4ttare ska kunna uppt\u00e4cka, bem\u00f6ta och anm\u00e4la v\u00e5ld mot barn.","breadcrumb":{"@id":"https:\/\/barnafrid.se\/kunskapsportal\/startsida\/barnafrids-utbildningar\/basprogram-om-vald-mot-barn-och-unga-gruppspar-forskola-2\/gruppspar-forskola\/#breadcrumb"},"inLanguage":"sv-SE","potentialAction":[{"@type":"ReadAction","target":["https:\/\/barnafrid.se\/kunskapsportal\/startsida\/barnafrids-utbildningar\/basprogram-om-vald-mot-barn-och-unga-gruppspar-forskola-2\/gruppspar-forskola\/"]}]},{"@type":"BreadcrumbList","@id":"https:\/\/barnafrid.se\/kunskapsportal\/startsida\/barnafrids-utbildningar\/basprogram-om-vald-mot-barn-och-unga-gruppspar-forskola-2\/gruppspar-forskola\/#breadcrumb","itemListElement":[{"@type":"ListItem","position":1,"name":"Home","item":"https:\/\/barnafrid.se\/kunskapsportal\/"},{"@type":"ListItem","position":2,"name":"Startsida","item":"https:\/\/barnafrid.se\/kunskapsportal\/"},{"@type":"ListItem","position":3,"name":"Utbildningar","item":"https:\/\/barnafrid.se\/kunskapsportal\/startsida\/barnafrids-utbildningar\/"},{"@type":"ListItem","position":4,"name":"Basprogram om v\u00e5ld mot barn och unga Gruppsp\u00e5r f\u00f6r f\u00f6rskolan","item":"https:\/\/barnafrid.se\/kunskapsportal\/startsida\/barnafrids-utbildningar\/basprogram-om-vald-mot-barn-och-unga-gruppspar-forskola-2\/"},{"@type":"ListItem","position":5,"name":"V\u00e4lkommen till utbildningen Barnafrids basprogram om v\u00e5ld mot barn och unga \u2013 gruppsp\u00e5r f\u00f6r f\u00f6rskolan"}]},{"@type":"WebSite","@id":"https:\/\/barnafrid.se\/kunskapsportal\/#website","url":"https:\/\/barnafrid.se\/kunskapsportal\/","name":"Barnafrid","description":"Kunskapsportal om v\u00e5ld mot barn","potentialAction":[{"@type":"SearchAction","target":{"@type":"EntryPoint","urlTemplate":"https:\/\/barnafrid.se\/kunskapsportal\/?s={search_term_string}"},"query-input":{"@type":"PropertyValueSpecification","valueRequired":true,"valueName":"search_term_string"}}],"inLanguage":"sv-SE"}]}},"_links":{"self":[{"href":"https:\/\/barnafrid.se\/kunskapsportal\/wp-json\/wp\/v2\/pages\/8406","targetHints":{"allow":["GET"]}}],"collection":[{"href":"https:\/\/barnafrid.se\/kunskapsportal\/wp-json\/wp\/v2\/pages"}],"about":[{"href":"https:\/\/barnafrid.se\/kunskapsportal\/wp-json\/wp\/v2\/types\/page"}],"author":[{"embeddable":true,"href":"https:\/\/barnafrid.se\/kunskapsportal\/wp-json\/wp\/v2\/users\/10518"}],"replies":[{"embeddable":true,"href":"https:\/\/barnafrid.se\/kunskapsportal\/wp-json\/wp\/v2\/comments?post=8406"}],"version-history":[{"count":159,"href":"https:\/\/barnafrid.se\/kunskapsportal\/wp-json\/wp\/v2\/pages\/8406\/revisions"}],"predecessor-version":[{"id":18379,"href":"https:\/\/barnafrid.se\/kunskapsportal\/wp-json\/wp\/v2\/pages\/8406\/revisions\/18379"}],"up":[{"embeddable":true,"href":"https:\/\/barnafrid.se\/kunskapsportal\/wp-json\/wp\/v2\/pages\/8474"}],"wp:attachment":[{"href":"https:\/\/barnafrid.se\/kunskapsportal\/wp-json\/wp\/v2\/media?parent=8406"}],"wp:term":[{"taxonomy":"role","embeddable":true,"href":"https:\/\/barnafrid.se\/kunskapsportal\/wp-json\/wp\/v2\/role?post=8406"}],"curies":[{"name":"wp","href":"https:\/\/api.w.org\/{rel}","templated":true}]}}