{"id":17729,"date":"2026-01-26T22:54:31","date_gmt":"2026-01-26T21:54:31","guid":{"rendered":"https:\/\/barnafrid.se\/kunskapsportal\/?page_id=17729"},"modified":"2026-03-17T09:53:30","modified_gmt":"2026-03-17T08:53:30","slug":"fordjupningstema-vald-krankningar-och-mobbning-i-forskolan-ovningsmaterial","status":"publish","type":"page","link":"https:\/\/barnafrid.se\/kunskapsportal\/startsida\/barnafrids-utbildningar\/basprogram-om-vald-mot-barn-och-unga-gruppspar-forskola-2\/gruppspar-forskola\/fordjupningstema-krankningar-och-mobbning-pa-forskolan\/fordjupningstema-vald-krankningar-och-mobbning-i-forskolan-ovningsmaterial\/","title":{"rendered":"F\u00f6rdjupningstema v\u00e5ld, kr\u00e4nkningar och mobbning i f\u00f6rskolan: \u00d6vningsmaterial"},"content":{"rendered":"\n<figure class=\"Image aligncenter size-full is-resized\"><img loading=\"lazy\" decoding=\"async\" width=\"650\" height=\"344\" src=\"\/kunskapsportal\/wp-content\/uploads\/2019\/12\/barnafrid_image_7-1.png\" alt=\"Illustration av en dator, tablet och mobil med kaffekopp i bakgrunden\" class=\"Image-img wp-image-1098\" style=\"width:386px;height:auto\" srcset=\"https:\/\/barnafrid.se\/kunskapsportal\/wp-content\/uploads\/2019\/12\/barnafrid_image_7-1.png 650w, https:\/\/barnafrid.se\/kunskapsportal\/wp-content\/uploads\/2019\/12\/barnafrid_image_7-1-300x159.png 300w\" sizes=\"auto, (max-width: 650px) 100vw, 650px\" \/><\/figure>\n\n\n\n<ul class=\"List\">\n<li class=\"List-item\"><a href=\"\/kunskapsportal\/wp-content\/uploads\/2026\/03\/faktablad-fordjupningstema-krankningar-och-mobbning.pdf\">Faktablad &#8221;N\u00e4r barn blir utsatta f\u00f6r v\u00e5ld, kr\u00e4nkningar och mobbning p\u00e5 f\u00f6rskolan&#8221;<\/a> (pdf)<\/li>\n<\/ul>\n\n\n\n<p class=\"has-text-align-right\"><a href=\"https:\/\/barnafrid.se\/kunskapsportal\/startsida\/barnafrids-utbildningar\/basprogram-om-vald-mot-barn-och-unga-gruppspar-forskola-2\/gruppspar-forskola\/tema-5-tystnadskultur\/\">Tillbaka till f\u00f6rdjupningstema v\u00e5ld >><br><\/a><a href=\"https:\/\/barnafrid.se\/kunskapsportal\/startsida\/barnafrids-utbildningar\/basprogram-om-vald-mot-barn-och-unga-gruppspar-forskola-2\/gruppspar-forskola\/\">Tillbaka till start >><\/a><\/p>\n\n\n\n<p><\/p>\n","protected":false},"excerpt":{"rendered":"<p>Tillbaka till f\u00f6rdjupningstema v\u00e5ld >>Tillbaka till start >><\/p>\n","protected":false},"author":26405,"featured_media":0,"parent":17703,"menu_order":0,"comment_status":"closed","ping_status":"closed","template":"page-centered.php","meta":{"h5ap_radio_sources":[],"footnotes":""},"role":[],"class_list":["post-17729","page","type-page","status-publish","hentry"],"yoast_head":"<!-- This site is optimized with the Yoast SEO plugin v27.5 - https:\/\/yoast.com\/product\/yoast-seo-wordpress\/ -->\n<title>F\u00f6rdjupningstema v\u00e5ld, kr\u00e4nkningar och mobbning i f\u00f6rskolan: \u00d6vningsmaterial - Barnafrid<\/title>\n<meta name=\"robots\" content=\"index, follow, max-snippet:-1, max-image-preview:large, max-video-preview:-1\" \/>\n<link rel=\"canonical\" href=\"https:\/\/barnafrid.se\/kunskapsportal\/startsida\/barnafrids-utbildningar\/basprogram-om-vald-mot-barn-och-unga-gruppspar-forskola-2\/gruppspar-forskola\/fordjupningstema-krankningar-och-mobbning-pa-forskolan\/fordjupningstema-vald-krankningar-och-mobbning-i-forskolan-ovningsmaterial\/\" \/>\n<meta property=\"og:locale\" content=\"sv_SE\" \/>\n<meta property=\"og:type\" content=\"article\" \/>\n<meta property=\"og:title\" content=\"F\u00f6rdjupningstema v\u00e5ld, kr\u00e4nkningar och mobbning i f\u00f6rskolan: \u00d6vningsmaterial - Barnafrid\" \/>\n<meta property=\"og:description\" content=\"Tillbaka till f\u00f6rdjupningstema v\u00e5ld &gt;&gt;Tillbaka till start &gt;&gt;\" \/>\n<meta property=\"og:url\" content=\"https:\/\/barnafrid.se\/kunskapsportal\/startsida\/barnafrids-utbildningar\/basprogram-om-vald-mot-barn-och-unga-gruppspar-forskola-2\/gruppspar-forskola\/fordjupningstema-krankningar-och-mobbning-pa-forskolan\/fordjupningstema-vald-krankningar-och-mobbning-i-forskolan-ovningsmaterial\/\" \/>\n<meta property=\"og:site_name\" content=\"Barnafrid\" \/>\n<meta property=\"article:modified_time\" content=\"2026-03-17T08:53:30+00:00\" \/>\n<meta name=\"twitter:card\" content=\"summary_large_image\" \/>\n<meta name=\"twitter:label1\" content=\"Ber\u00e4knad l\u00e4stid\" \/>\n\t<meta name=\"twitter:data1\" content=\"1 minut\" \/>\n<script type=\"application\/ld+json\" class=\"yoast-schema-graph\">{\"@context\":\"https:\\\/\\\/schema.org\",\"@graph\":[{\"@type\":\"WebPage\",\"@id\":\"https:\\\/\\\/barnafrid.se\\\/kunskapsportal\\\/startsida\\\/barnafrids-utbildningar\\\/basprogram-om-vald-mot-barn-och-unga-gruppspar-forskola-2\\\/gruppspar-forskola\\\/fordjupningstema-krankningar-och-mobbning-pa-forskolan\\\/fordjupningstema-vald-krankningar-och-mobbning-i-forskolan-ovningsmaterial\\\/\",\"url\":\"https:\\\/\\\/barnafrid.se\\\/kunskapsportal\\\/startsida\\\/barnafrids-utbildningar\\\/basprogram-om-vald-mot-barn-och-unga-gruppspar-forskola-2\\\/gruppspar-forskola\\\/fordjupningstema-krankningar-och-mobbning-pa-forskolan\\\/fordjupningstema-vald-krankningar-och-mobbning-i-forskolan-ovningsmaterial\\\/\",\"name\":\"F\u00f6rdjupningstema v\u00e5ld, kr\u00e4nkningar och mobbning i f\u00f6rskolan: \u00d6vningsmaterial - Barnafrid\",\"isPartOf\":{\"@id\":\"https:\\\/\\\/barnafrid.se\\\/kunskapsportal\\\/#website\"},\"datePublished\":\"2026-01-26T21:54:31+00:00\",\"dateModified\":\"2026-03-17T08:53:30+00:00\",\"breadcrumb\":{\"@id\":\"https:\\\/\\\/barnafrid.se\\\/kunskapsportal\\\/startsida\\\/barnafrids-utbildningar\\\/basprogram-om-vald-mot-barn-och-unga-gruppspar-forskola-2\\\/gruppspar-forskola\\\/fordjupningstema-krankningar-och-mobbning-pa-forskolan\\\/fordjupningstema-vald-krankningar-och-mobbning-i-forskolan-ovningsmaterial\\\/#breadcrumb\"},\"inLanguage\":\"sv-SE\",\"potentialAction\":[{\"@type\":\"ReadAction\",\"target\":[\"https:\\\/\\\/barnafrid.se\\\/kunskapsportal\\\/startsida\\\/barnafrids-utbildningar\\\/basprogram-om-vald-mot-barn-och-unga-gruppspar-forskola-2\\\/gruppspar-forskola\\\/fordjupningstema-krankningar-och-mobbning-pa-forskolan\\\/fordjupningstema-vald-krankningar-och-mobbning-i-forskolan-ovningsmaterial\\\/\"]}]},{\"@type\":\"BreadcrumbList\",\"@id\":\"https:\\\/\\\/barnafrid.se\\\/kunskapsportal\\\/startsida\\\/barnafrids-utbildningar\\\/basprogram-om-vald-mot-barn-och-unga-gruppspar-forskola-2\\\/gruppspar-forskola\\\/fordjupningstema-krankningar-och-mobbning-pa-forskolan\\\/fordjupningstema-vald-krankningar-och-mobbning-i-forskolan-ovningsmaterial\\\/#breadcrumb\",\"itemListElement\":[{\"@type\":\"ListItem\",\"position\":1,\"name\":\"Home\",\"item\":\"https:\\\/\\\/barnafrid.se\\\/kunskapsportal\\\/\"},{\"@type\":\"ListItem\",\"position\":2,\"name\":\"Startsida\",\"item\":\"https:\\\/\\\/barnafrid.se\\\/kunskapsportal\\\/\"},{\"@type\":\"ListItem\",\"position\":3,\"name\":\"Utbildningar\",\"item\":\"https:\\\/\\\/barnafrid.se\\\/kunskapsportal\\\/startsida\\\/barnafrids-utbildningar\\\/\"},{\"@type\":\"ListItem\",\"position\":4,\"name\":\"Basprogram om v\u00e5ld mot barn och unga Gruppsp\u00e5r f\u00f6r f\u00f6rskolan\",\"item\":\"https:\\\/\\\/barnafrid.se\\\/kunskapsportal\\\/startsida\\\/barnafrids-utbildningar\\\/basprogram-om-vald-mot-barn-och-unga-gruppspar-forskola-2\\\/\"},{\"@type\":\"ListItem\",\"position\":5,\"name\":\"V\u00e4lkommen till utbildningen Barnafrids basprogram om v\u00e5ld mot barn och unga \u2013 gruppsp\u00e5r f\u00f6r f\u00f6rskolan\",\"item\":\"https:\\\/\\\/barnafrid.se\\\/kunskapsportal\\\/startsida\\\/barnafrids-utbildningar\\\/basprogram-om-vald-mot-barn-och-unga-gruppspar-forskola-2\\\/gruppspar-forskola\\\/\"},{\"@type\":\"ListItem\",\"position\":6,\"name\":\"F\u00f6rdjupningstema: V\u00e5ld, kr\u00e4nkningar och mobbning p\u00e5 f\u00f6rskolan\",\"item\":\"https:\\\/\\\/barnafrid.se\\\/kunskapsportal\\\/startsida\\\/barnafrids-utbildningar\\\/basprogram-om-vald-mot-barn-och-unga-gruppspar-forskola-2\\\/gruppspar-forskola\\\/fordjupningstema-krankningar-och-mobbning-pa-forskolan\\\/\"},{\"@type\":\"ListItem\",\"position\":7,\"name\":\"F\u00f6rdjupningstema v\u00e5ld, kr\u00e4nkningar och mobbning i f\u00f6rskolan: \u00d6vningsmaterial\"}]},{\"@type\":\"WebSite\",\"@id\":\"https:\\\/\\\/barnafrid.se\\\/kunskapsportal\\\/#website\",\"url\":\"https:\\\/\\\/barnafrid.se\\\/kunskapsportal\\\/\",\"name\":\"Barnafrid\",\"description\":\"Kunskapsportal om v\u00e5ld mot barn\",\"potentialAction\":[{\"@type\":\"SearchAction\",\"target\":{\"@type\":\"EntryPoint\",\"urlTemplate\":\"https:\\\/\\\/barnafrid.se\\\/kunskapsportal\\\/?s={search_term_string}\"},\"query-input\":{\"@type\":\"PropertyValueSpecification\",\"valueRequired\":true,\"valueName\":\"search_term_string\"}}],\"inLanguage\":\"sv-SE\"}]}<\/script>\n<!-- \/ Yoast SEO plugin. -->","yoast_head_json":{"title":"F\u00f6rdjupningstema v\u00e5ld, kr\u00e4nkningar och mobbning i f\u00f6rskolan: \u00d6vningsmaterial - Barnafrid","robots":{"index":"index","follow":"follow","max-snippet":"max-snippet:-1","max-image-preview":"max-image-preview:large","max-video-preview":"max-video-preview:-1"},"canonical":"https:\/\/barnafrid.se\/kunskapsportal\/startsida\/barnafrids-utbildningar\/basprogram-om-vald-mot-barn-och-unga-gruppspar-forskola-2\/gruppspar-forskola\/fordjupningstema-krankningar-och-mobbning-pa-forskolan\/fordjupningstema-vald-krankningar-och-mobbning-i-forskolan-ovningsmaterial\/","og_locale":"sv_SE","og_type":"article","og_title":"F\u00f6rdjupningstema v\u00e5ld, kr\u00e4nkningar och mobbning i f\u00f6rskolan: \u00d6vningsmaterial - Barnafrid","og_description":"Tillbaka till f\u00f6rdjupningstema v\u00e5ld >>Tillbaka till start >>","og_url":"https:\/\/barnafrid.se\/kunskapsportal\/startsida\/barnafrids-utbildningar\/basprogram-om-vald-mot-barn-och-unga-gruppspar-forskola-2\/gruppspar-forskola\/fordjupningstema-krankningar-och-mobbning-pa-forskolan\/fordjupningstema-vald-krankningar-och-mobbning-i-forskolan-ovningsmaterial\/","og_site_name":"Barnafrid","article_modified_time":"2026-03-17T08:53:30+00:00","twitter_card":"summary_large_image","twitter_misc":{"Ber\u00e4knad l\u00e4stid":"1 minut"},"schema":{"@context":"https:\/\/schema.org","@graph":[{"@type":"WebPage","@id":"https:\/\/barnafrid.se\/kunskapsportal\/startsida\/barnafrids-utbildningar\/basprogram-om-vald-mot-barn-och-unga-gruppspar-forskola-2\/gruppspar-forskola\/fordjupningstema-krankningar-och-mobbning-pa-forskolan\/fordjupningstema-vald-krankningar-och-mobbning-i-forskolan-ovningsmaterial\/","url":"https:\/\/barnafrid.se\/kunskapsportal\/startsida\/barnafrids-utbildningar\/basprogram-om-vald-mot-barn-och-unga-gruppspar-forskola-2\/gruppspar-forskola\/fordjupningstema-krankningar-och-mobbning-pa-forskolan\/fordjupningstema-vald-krankningar-och-mobbning-i-forskolan-ovningsmaterial\/","name":"F\u00f6rdjupningstema v\u00e5ld, kr\u00e4nkningar och mobbning i f\u00f6rskolan: \u00d6vningsmaterial - Barnafrid","isPartOf":{"@id":"https:\/\/barnafrid.se\/kunskapsportal\/#website"},"datePublished":"2026-01-26T21:54:31+00:00","dateModified":"2026-03-17T08:53:30+00:00","breadcrumb":{"@id":"https:\/\/barnafrid.se\/kunskapsportal\/startsida\/barnafrids-utbildningar\/basprogram-om-vald-mot-barn-och-unga-gruppspar-forskola-2\/gruppspar-forskola\/fordjupningstema-krankningar-och-mobbning-pa-forskolan\/fordjupningstema-vald-krankningar-och-mobbning-i-forskolan-ovningsmaterial\/#breadcrumb"},"inLanguage":"sv-SE","potentialAction":[{"@type":"ReadAction","target":["https:\/\/barnafrid.se\/kunskapsportal\/startsida\/barnafrids-utbildningar\/basprogram-om-vald-mot-barn-och-unga-gruppspar-forskola-2\/gruppspar-forskola\/fordjupningstema-krankningar-och-mobbning-pa-forskolan\/fordjupningstema-vald-krankningar-och-mobbning-i-forskolan-ovningsmaterial\/"]}]},{"@type":"BreadcrumbList","@id":"https:\/\/barnafrid.se\/kunskapsportal\/startsida\/barnafrids-utbildningar\/basprogram-om-vald-mot-barn-och-unga-gruppspar-forskola-2\/gruppspar-forskola\/fordjupningstema-krankningar-och-mobbning-pa-forskolan\/fordjupningstema-vald-krankningar-och-mobbning-i-forskolan-ovningsmaterial\/#breadcrumb","itemListElement":[{"@type":"ListItem","position":1,"name":"Home","item":"https:\/\/barnafrid.se\/kunskapsportal\/"},{"@type":"ListItem","position":2,"name":"Startsida","item":"https:\/\/barnafrid.se\/kunskapsportal\/"},{"@type":"ListItem","position":3,"name":"Utbildningar","item":"https:\/\/barnafrid.se\/kunskapsportal\/startsida\/barnafrids-utbildningar\/"},{"@type":"ListItem","position":4,"name":"Basprogram om v\u00e5ld mot barn och unga Gruppsp\u00e5r f\u00f6r f\u00f6rskolan","item":"https:\/\/barnafrid.se\/kunskapsportal\/startsida\/barnafrids-utbildningar\/basprogram-om-vald-mot-barn-och-unga-gruppspar-forskola-2\/"},{"@type":"ListItem","position":5,"name":"V\u00e4lkommen till utbildningen Barnafrids basprogram om v\u00e5ld mot barn och unga \u2013 gruppsp\u00e5r f\u00f6r f\u00f6rskolan","item":"https:\/\/barnafrid.se\/kunskapsportal\/startsida\/barnafrids-utbildningar\/basprogram-om-vald-mot-barn-och-unga-gruppspar-forskola-2\/gruppspar-forskola\/"},{"@type":"ListItem","position":6,"name":"F\u00f6rdjupningstema: V\u00e5ld, kr\u00e4nkningar och mobbning p\u00e5 f\u00f6rskolan","item":"https:\/\/barnafrid.se\/kunskapsportal\/startsida\/barnafrids-utbildningar\/basprogram-om-vald-mot-barn-och-unga-gruppspar-forskola-2\/gruppspar-forskola\/fordjupningstema-krankningar-och-mobbning-pa-forskolan\/"},{"@type":"ListItem","position":7,"name":"F\u00f6rdjupningstema v\u00e5ld, kr\u00e4nkningar och mobbning i f\u00f6rskolan: \u00d6vningsmaterial"}]},{"@type":"WebSite","@id":"https:\/\/barnafrid.se\/kunskapsportal\/#website","url":"https:\/\/barnafrid.se\/kunskapsportal\/","name":"Barnafrid","description":"Kunskapsportal om v\u00e5ld mot barn","potentialAction":[{"@type":"SearchAction","target":{"@type":"EntryPoint","urlTemplate":"https:\/\/barnafrid.se\/kunskapsportal\/?s={search_term_string}"},"query-input":{"@type":"PropertyValueSpecification","valueRequired":true,"valueName":"search_term_string"}}],"inLanguage":"sv-SE"}]}},"_links":{"self":[{"href":"https:\/\/barnafrid.se\/kunskapsportal\/wp-json\/wp\/v2\/pages\/17729","targetHints":{"allow":["GET"]}}],"collection":[{"href":"https:\/\/barnafrid.se\/kunskapsportal\/wp-json\/wp\/v2\/pages"}],"about":[{"href":"https:\/\/barnafrid.se\/kunskapsportal\/wp-json\/wp\/v2\/types\/page"}],"author":[{"embeddable":true,"href":"https:\/\/barnafrid.se\/kunskapsportal\/wp-json\/wp\/v2\/users\/26405"}],"replies":[{"embeddable":true,"href":"https:\/\/barnafrid.se\/kunskapsportal\/wp-json\/wp\/v2\/comments?post=17729"}],"version-history":[{"count":4,"href":"https:\/\/barnafrid.se\/kunskapsportal\/wp-json\/wp\/v2\/pages\/17729\/revisions"}],"predecessor-version":[{"id":18006,"href":"https:\/\/barnafrid.se\/kunskapsportal\/wp-json\/wp\/v2\/pages\/17729\/revisions\/18006"}],"up":[{"embeddable":true,"href":"https:\/\/barnafrid.se\/kunskapsportal\/wp-json\/wp\/v2\/pages\/17703"}],"wp:attachment":[{"href":"https:\/\/barnafrid.se\/kunskapsportal\/wp-json\/wp\/v2\/media?parent=17729"}],"wp:term":[{"taxonomy":"role","embeddable":true,"href":"https:\/\/barnafrid.se\/kunskapsportal\/wp-json\/wp\/v2\/role?post=17729"}],"curies":[{"name":"wp","href":"https:\/\/api.w.org\/{rel}","templated":true}]}}